{"id":4745,"date":"2020-12-21T16:13:01","date_gmt":"2020-12-21T15:13:01","guid":{"rendered":"https:\/\/campingdeplessac.fr\/loisirs-et-services-aux-environs-camping-paradis-dordogne-perigord\/"},"modified":"2024-01-03T16:07:01","modified_gmt":"2024-01-03T15:07:01","slug":"vrije-tijd-en-diensten-in-de-omgeving-camping-paradis-dordogne-perigord","status":"publish","type":"page","link":"https:\/\/campingdeplessac.fr\/nl\/vrije-tijd-en-diensten-in-de-omgeving-camping-paradis-dordogne-perigord\/","title":{"rendered":"Vrije tijd en diensten in de omgeving"},"content":{"rendered":"\n<style type=\"text\/css\" data-created_by=\"avia_inline_auto\" id=\"style-css-av-k2bz91f0-20c3dc78fd5267c817e514e928734036\">\n.avia-section.av-k2bz91f0-20c3dc78fd5267c817e514e928734036{\nbackground-color:#f9f9f9;\nbackground-image:unset;\nmargin-top:0px;\nmargin-bottom:0px;\n}\n<\/style>\n<div id='av_section_1'  class='avia-section av-k2bz91f0-20c3dc78fd5267c817e514e928734036 main_color avia-section-default avia-no-border-styling  avia-builder-el-0  el_before_av_section  avia-builder-el-first  avia-bg-style-scroll container_wrap sidebar_right'  ><div class='container av-section-cont-open' ><main  role=\"main\" itemprop=\"mainContentOfPage\"  class='template-page content  av-content-small alpha units'><div class='post-entry post-entry-type-page post-entry-4745'><div class='entry-content-wrapper clearfix'>\n\n<style type=\"text\/css\" data-created_by=\"avia_inline_auto\" id=\"style-css-av-kki8348e-60ae15ef5b5a8cd612d2176eb325fbaf\">\n#top .av-special-heading.av-kki8348e-60ae15ef5b5a8cd612d2176eb325fbaf{\npadding-bottom:0;\n}\nbody .av-special-heading.av-kki8348e-60ae15ef5b5a8cd612d2176eb325fbaf .av-special-heading-tag .heading-char{\nfont-size:25px;\n}\n.av-special-heading.av-kki8348e-60ae15ef5b5a8cd612d2176eb325fbaf .av-subheading{\nfont-size:20px;\n}\n<\/style>\n<div  class='av-special-heading av-kki8348e-60ae15ef5b5a8cd612d2176eb325fbaf av-special-heading-h1 blockquote modern-quote  avia-builder-el-1  el_before_av_hr  avia-builder-el-first  av-linked-heading'><h1 class='av-special-heading-tag '  itemprop=\"headline\"  >Welkom in de Dordogne P\u00e9rigord, op 10 minuten van Brant\u00f4me<\/h1><div class=\"special-heading-border\"><div class=\"special-heading-inner-border\"><\/div><\/div><\/div>\n\n<style type=\"text\/css\" data-created_by=\"avia_inline_auto\" id=\"style-css-av-kisqoa26-85a25335a22a83194f2b2c89fba97d6e\">\n#top .hr.av-kisqoa26-85a25335a22a83194f2b2c89fba97d6e{\nmargin-top:0px;\nmargin-bottom:0px;\n}\n.hr.av-kisqoa26-85a25335a22a83194f2b2c89fba97d6e .hr-inner{\nwidth:100px;\nborder-color:#fad91a;\n}\n<\/style>\n<div  class='hr av-kisqoa26-85a25335a22a83194f2b2c89fba97d6e hr-custom  avia-builder-el-2  el_after_av_heading  el_before_av_one_full  hr-left hr-icon-no'><span class='hr-inner inner-border-av-border-fat'><span class=\"hr-inner-style\"><\/span><\/span><\/div>\n<div class='flex_column_table av-3quq34-2c3443a2b219407560eb238753803706 sc-av_one_full av-equal-height-column-flextable'>\n<style type=\"text\/css\" data-created_by=\"avia_inline_auto\" id=\"style-css-av-3quq34-2c3443a2b219407560eb238753803706\">\n#top .flex_column_table.av-equal-height-column-flextable.av-3quq34-2c3443a2b219407560eb238753803706{\nmargin-top:0px;\nmargin-bottom:0px;\n}\n.flex_column.av-3quq34-2c3443a2b219407560eb238753803706{\nborder-radius:0px 0px 0px 0px;\npadding:0px 0px 0px 0px;\n}\n<\/style>\n<div  class='flex_column av-3quq34-2c3443a2b219407560eb238753803706 av_one_full  avia-builder-el-3  el_after_av_hr  el_before_av_one_full  first flex_column_table_cell av-equal-height-column av-align-middle av-zero-column-padding  '     ><section  class='av_textblock_section av-kisnlo78-e2f0d94e4b0eadd1f5f4bea1c5c78c81 '   itemscope=\"itemscope\" itemtype=\"https:\/\/schema.org\/CreativeWork\" ><div class='avia_textblock'  itemprop=\"text\" ><p><img loading=\"lazy\" decoding=\"async\" class=\"alignright size-full wp-image-2458\" src=\"https:\/\/campingdeplessac.fr\/wp-content\/uploads\/2020\/12\/tourisme-aux-alentours.jpg\" alt=\"\" width=\"366\" height=\"138\" srcset=\"https:\/\/campingdeplessac.fr\/wp-content\/uploads\/2020\/12\/tourisme-aux-alentours.jpg 366w, https:\/\/campingdeplessac.fr\/wp-content\/uploads\/2020\/12\/tourisme-aux-alentours-300x113.jpg 300w\" sizes=\"auto, (max-width: 366px) 100vw, 366px\" \/>De P\u00e9rigord bestaat uit vijf landen met elk zijn hoofdstad: <strong>P\u00e9rigueux, Bergerac, Rib\u00e9rac, Nontron en Sarlat<\/strong>.<br \/>\nHet departement Dordogne ligt op het kruispunt van geografische en klimatologische invloeden die het zijn uitzonderlijke diversiteit aan natuurlijke omgevingen en landschappen geven.<br \/>\nHet departement herbergt op zijn grondgebied natuurlijke en erfgoedrijkdommen van internationale faam.<br \/>\nHier zijn vredige vijvers, rivieren, luie beekjes, prachtige valleien waar rivieren ruime bochten maken: De natuur hier bedreigt de mens niet, maar lijkt gemaakt om het hem gemakkelijk te maken.<br \/>\nTe voet, op het water of in de lucht, ga met familie, als stel of met vrienden op ontdekking in een van de Franse departementen met de grootste rijkdom.<\/p>\n<\/div><\/section><\/div><\/div><!--close column table wrapper. Autoclose: 1 -->\n<style type=\"text\/css\" data-created_by=\"avia_inline_auto\" id=\"style-css-av-3quq34-11-479d969ed7b19dfbf59f5426802c243e\">\n#top .flex_column.av-3quq34-11-479d969ed7b19dfbf59f5426802c243e{\nmargin-top:0px;\nmargin-bottom:0px;\n}\n.flex_column.av-3quq34-11-479d969ed7b19dfbf59f5426802c243e{\nborder-radius:0px 0px 0px 0px;\npadding:0px 0px 0px 0px;\n}\n.responsive #top #wrap_all .flex_column.av-3quq34-11-479d969ed7b19dfbf59f5426802c243e{\nmargin-top:0px;\nmargin-bottom:0px;\n}\n<\/style>\n<div  class='flex_column av-3quq34-11-479d969ed7b19dfbf59f5426802c243e av_one_full  avia-builder-el-5  el_after_av_one_full  el_before_av_one_full  first flex_column_div av-zero-column-padding  column-top-margin'     ><section  class='av_textblock_section av-kisnlo78-10-394d070c8fa75ba8c0b687e4e94e6618 '   itemscope=\"itemscope\" itemtype=\"https:\/\/schema.org\/CreativeWork\" ><div class='avia_textblock'  itemprop=\"text\" ><div id=\"attachment_2459\" style=\"width: 410px\" class=\"wp-caption alignleft\"><img loading=\"lazy\" decoding=\"async\" aria-describedby=\"caption-attachment-2459\" class=\"wp-image-2459 size-full\" src=\"https:\/\/campingdeplessac.fr\/wp-content\/uploads\/2020\/12\/tourisme-brantome-01.jpg\" alt=\"\" width=\"400\" height=\"245\" srcset=\"https:\/\/campingdeplessac.fr\/wp-content\/uploads\/2020\/12\/tourisme-brantome-01.jpg 400w, https:\/\/campingdeplessac.fr\/wp-content\/uploads\/2020\/12\/tourisme-brantome-01-300x184.jpg 300w\" sizes=\"auto, (max-width: 400px) 100vw, 400px\" \/><p id=\"caption-attachment-2459\" class=\"wp-caption-text\">Het Groene Veneti\u00eb van de P\u00e9rigord<\/p><\/div>\n<p><strong>Brant\u00f4me, Het Groene Veneti\u00eb van de P\u00e9rigord<\/strong>. Brant\u00f4me-en-P\u00e9rigord is een toeristische en culturele toplocatie in het departement. De culturele en toeristische activiteiten, de reputatie van de restaurants, maken het tot een centrum waar cultuur en gastronomie onder uitstekende omstandigheden samenkomen.<br \/>\n<a href=\"https:\/\/www.perigord-dronne-belle.fr\" target=\"_blank\" rel=\"noopener\">www.perigord-dronne-belle.fr<\/a><\/p>\n<p>Het departement is zeer rijk aan dorpen, middeleeuwse steden, kastelen die bekend staan om hun schoonheid en authenticiteit: Saint-Jean de C\u00f4le (een van de mooiste dorpen van Frankrijk), Nontron, Brant\u00f4me, Beynac, Sarlat, Saint-L\u00e9on sur V\u00e9z\u00e8re, Castelnaud La Chapelle, P\u00e9rigueux, Ch\u00e2teau de Puyguilhem, Ch\u00e2teau de Monbazillac&#8230; Het is een van de rijkste departementen van Frankrijk, na Parijs, qua aantal historische monumenten.<\/p>\n<\/div><\/section><\/div>\n<style type=\"text\/css\" data-created_by=\"avia_inline_auto\" id=\"style-css-av-3quq34-9-70622f3494a0239bee0852bd7f420f05\">\n#top .flex_column.av-3quq34-9-70622f3494a0239bee0852bd7f420f05{\nmargin-top:0px;\nmargin-bottom:0px;\n}\n.flex_column.av-3quq34-9-70622f3494a0239bee0852bd7f420f05{\nborder-radius:0px 0px 0px 0px;\npadding:0px 0px 0px 0px;\n}\n.responsive #top #wrap_all .flex_column.av-3quq34-9-70622f3494a0239bee0852bd7f420f05{\nmargin-top:0px;\nmargin-bottom:0px;\n}\n<\/style>\n<div  class='flex_column av-3quq34-9-70622f3494a0239bee0852bd7f420f05 av_one_full  avia-builder-el-7  el_after_av_one_full  el_before_av_one_full  first flex_column_div av-zero-column-padding  column-top-margin'     ><section  class='av_textblock_section av-kisnlo78-8-dc9dbdbccfb2c9f8d0a2ef955d280571 '   itemscope=\"itemscope\" itemtype=\"https:\/\/schema.org\/CreativeWork\" ><div class='avia_textblock'  itemprop=\"text\" ><div id=\"attachment_2461\" style=\"width: 310px\" class=\"wp-caption alignright\"><img loading=\"lazy\" decoding=\"async\" aria-describedby=\"caption-attachment-2461\" class=\"wp-image-2461 size-medium\" src=\"https:\/\/campingdeplessac.fr\/wp-content\/uploads\/2020\/12\/tourisme-brantome-03-300x217.jpg\" alt=\"\" width=\"300\" height=\"217\" srcset=\"https:\/\/campingdeplessac.fr\/wp-content\/uploads\/2020\/12\/tourisme-brantome-03-300x217.jpg 300w, https:\/\/campingdeplessac.fr\/wp-content\/uploads\/2020\/12\/tourisme-brantome-03-705x511.jpg 705w, https:\/\/campingdeplessac.fr\/wp-content\/uploads\/2020\/12\/tourisme-brantome-03.jpg 741w\" sizes=\"auto, (max-width: 300px) 100vw, 300px\" \/><p id=\"caption-attachment-2461\" class=\"wp-caption-text\">Waterjousting van Brant\u00f4me<\/p><\/div>\n<p>Talrijke grotten en prehistorische sites zijn onmisbaar in de regio: grotten van Lascaux, grotten van Villars, prehistorische vindplaatsen van Cro Magnon&#8230;<br \/>\nTal van toeristische activiteiten worden u aangeboden in de Dordogne: Ritten met toeristische trein of koets, afdaling van de Dordogne, Dronne of V\u00e9z\u00e8re per kano of gabarre, helikopter- of ballonvaarten, fietstochten met v\u00e9lorail&#8230;<\/p>\n<div id=\"attachment_2460\" style=\"width: 269px\" class=\"wp-caption alignleft\"><img loading=\"lazy\" decoding=\"async\" aria-describedby=\"caption-attachment-2460\" class=\"wp-image-2460 size-full\" src=\"https:\/\/campingdeplessac.fr\/wp-content\/uploads\/2020\/12\/tourisme-grotte-lascaux.jpg\" alt=\"\" width=\"259\" height=\"195\" \/><p id=\"caption-attachment-2460\" class=\"wp-caption-text\">Grot van Lascaux<\/p><\/div>\n<p>Dordogne heeft tal van waterpartijen waar liefhebbers van<br \/>\nzwemmen een duik kunnen nemen, anderen kunnen gaan vissen.<br \/>\nTal van kunstateliers zijn hier samengebracht, ze nodigen u uit om hun deuren binnen te stappen. Ontdek uitzonderlijke knowhow tijdens uw wandelingen in de Dordogne. Onder andere de messenmakerij van Nontron, die kan bogen op eeuwenlange ervaring in de productie van traditionele messen.<br \/>\n<a href=\"https:\/\/www.dordogne-perigord-tourisme.fr\" target=\"_blank\" rel=\"noopener\">www.dordogne-perigord-tourisme.fr<\/a><\/p>\n<\/div><\/section><\/div>\n<style type=\"text\/css\" data-created_by=\"avia_inline_auto\" id=\"style-css-av-3quq34-7-ac67b737faf2ba7a4ac37fab0f899034\">\n#top .flex_column.av-3quq34-7-ac67b737faf2ba7a4ac37fab0f899034{\nmargin-top:0px;\nmargin-bottom:0px;\n}\n.flex_column.av-3quq34-7-ac67b737faf2ba7a4ac37fab0f899034{\nborder-radius:0px 0px 0px 0px;\npadding:0px 0px 0px 0px;\n}\n.responsive #top #wrap_all .flex_column.av-3quq34-7-ac67b737faf2ba7a4ac37fab0f899034{\nmargin-top:0px;\nmargin-bottom:0px;\n}\n<\/style>\n<div  class='flex_column av-3quq34-7-ac67b737faf2ba7a4ac37fab0f899034 av_one_full  avia-builder-el-9  el_after_av_one_full  el_before_av_one_full  first flex_column_div av-zero-column-padding  column-top-margin'     ><p>\n<style type=\"text\/css\" data-created_by=\"avia_inline_auto\" id=\"style-css-av-kiyqfy5u-6d73a7aa5c44677dbaff625afb45bd72\">\n#top .hr.hr-invisible.av-kiyqfy5u-6d73a7aa5c44677dbaff625afb45bd72{\nheight:20px;\n}\n<\/style>\n<div  class='hr av-kiyqfy5u-6d73a7aa5c44677dbaff625afb45bd72 hr-invisible  avia-builder-el-10  el_before_av_textblock  avia-builder-el-first '><span class='hr-inner '><span class=\"hr-inner-style\"><\/span><\/span><\/div><br \/>\n<section  class='av_textblock_section av-kisnlo78-6-67b4a1e1461bb151b599e75993ed0cb0 '   itemscope=\"itemscope\" itemtype=\"https:\/\/schema.org\/CreativeWork\" ><div class='avia_textblock'  itemprop=\"text\" ><h3>De Gastronomie in de Dordogne<\/h3>\n<p><img loading=\"lazy\" decoding=\"async\" class=\"alignright size-medium wp-image-4751\" src=\"https:\/\/campingdeplessac.fr\/wp-content\/uploads\/2020\/12\/tourisme-gastronomie-300x200.jpg\" alt=\"\" width=\"300\" height=\"200\" srcset=\"https:\/\/campingdeplessac.fr\/wp-content\/uploads\/2020\/12\/tourisme-gastronomie-300x200.jpg 300w, https:\/\/campingdeplessac.fr\/wp-content\/uploads\/2020\/12\/tourisme-gastronomie-768x511.jpg 768w, https:\/\/campingdeplessac.fr\/wp-content\/uploads\/2020\/12\/tourisme-gastronomie-705x469.jpg 705w, https:\/\/campingdeplessac.fr\/wp-content\/uploads\/2020\/12\/tourisme-gastronomie.jpg 800w\" sizes=\"auto, (max-width: 300px) 100vw, 300px\" \/>Het volstaat om de P\u00e9rigord te noemen en men associe er beelden van feestelijk gedekte tafels mee: truffels, foie gras, confit en magret van eend, eekhoorntjesbroodomeletten, aardappelen uit Sarlat, walnoten, aardbeien, kastanjes, varkensreuzel, pat\u00e9s&#8230;<br \/>\nNiet te vergeten de beroemde wijnen: Bergerac, P\u00e9charmant, Monbazillac, Saussignac en Montravel.<br \/>\nNaast dat ze lekker is, bevordert de P\u00e9rigordijnse keuken ook een lang leven en goede gezondheid.<br \/>\nIn de P\u00e9rigord, land van levensgenieters en lekkerbekken, verbetert goed eten de levensverwachting!<\/p>\n<p><em>De P\u00e9rigord, voor degenen die er nog nooit zijn geweest, wat een luilekkerland, wat een verleidelijk paradijs, waar gulzigheid nooit wordt gestraft of teleurgesteld, en zich kan overgeven aan zijn meest onredelijke impulsen.<\/em><\/p>\n<\/div><\/section><\/p><\/div>\n<style type=\"text\/css\" data-created_by=\"avia_inline_auto\" id=\"style-css-av-3quq34-5-791778083cacc5282ca80a7af3ed791d\">\n#top .flex_column.av-3quq34-5-791778083cacc5282ca80a7af3ed791d{\nmargin-top:0px;\nmargin-bottom:0px;\n}\n.flex_column.av-3quq34-5-791778083cacc5282ca80a7af3ed791d{\nborder-radius:0px 0px 0px 0px;\npadding:0px 0px 0px 0px;\n}\n.responsive #top #wrap_all .flex_column.av-3quq34-5-791778083cacc5282ca80a7af3ed791d{\nmargin-top:0px;\nmargin-bottom:0px;\n}\n<\/style>\n<div  class='flex_column av-3quq34-5-791778083cacc5282ca80a7af3ed791d av_one_full  avia-builder-el-12  el_after_av_one_full  avia-builder-el-last  first flex_column_div av-zero-column-padding  column-top-margin'     ><p>\n<style type=\"text\/css\" data-created_by=\"avia_inline_auto\" id=\"style-css-av-kiyqfy5u-4-59086d45732d7784c3d75302f872a976\">\n#top .hr.hr-invisible.av-kiyqfy5u-4-59086d45732d7784c3d75302f872a976{\nheight:20px;\n}\n<\/style>\n<div  class='hr av-kiyqfy5u-4-59086d45732d7784c3d75302f872a976 hr-invisible  avia-builder-el-13  el_before_av_textblock  avia-builder-el-first '><span class='hr-inner '><span class=\"hr-inner-style\"><\/span><\/span><\/div><br \/>\n<section  class='av_textblock_section av-kisnlo78-3-0f85806a35ae5cacfac6281eb9050e46 '   itemscope=\"itemscope\" itemtype=\"https:\/\/schema.org\/CreativeWork\" ><div class='avia_textblock'  itemprop=\"text\" ><h3>De Markten in de Dordogne<\/h3>\n<div id=\"attachment_2463\" style=\"width: 310px\" class=\"wp-caption alignleft\"><a href=\"https:\/\/campingdeplessac.fr\/wp-content\/uploads\/2020\/12\/tourisme-marche-brantome.jpg\"><img loading=\"lazy\" decoding=\"async\" aria-describedby=\"caption-attachment-2463\" class=\"wp-image-2463 size-medium\" src=\"https:\/\/campingdeplessac.fr\/wp-content\/uploads\/2020\/12\/tourisme-marche-brantome-300x180.jpg\" alt=\"\" width=\"300\" height=\"180\" srcset=\"https:\/\/campingdeplessac.fr\/wp-content\/uploads\/2020\/12\/tourisme-marche-brantome-300x180.jpg 300w, https:\/\/campingdeplessac.fr\/wp-content\/uploads\/2020\/12\/tourisme-marche-brantome.jpg 600w\" sizes=\"auto, (max-width: 300px) 100vw, 300px\" \/><\/a><p id=\"caption-attachment-2463\" class=\"wp-caption-text\">March\u00e9 de Brant\u00f4me<\/p><\/div>\n<p>Traditionele, boeren-, avond- en feestmarkten, met foie gras, de markten zijn onmisbaar in de P\u00e9rigord.<br \/>\nOntmoet de producenten en geniet onder de beste omstandigheden van streekproducten.<br \/>\nElk seizoen heeft zijn eigen producten.<\/p>\n<\/div><\/section><br \/>\n<div  class='avia-button-wrap av-kiypoe4s-8346e5c455462bdbff1d51fd15430538-wrap avia-button-left  avia-builder-el-15  el_after_av_textblock  avia-builder-el-last '><a href='https:\/\/campingdeplessac.fr\/wp-content\/uploads\/2020\/12\/Marches-traditionnels.pdf'  class='avia-button av-kiypoe4s-8346e5c455462bdbff1d51fd15430538 av-link-btn avia-icon_select-yes-left-icon avia-size-small avia-position-left avia-color-theme-color'  target=\"_blank\"  rel=\"noopener noreferrer\"  aria-label=\"Traditionele markten\"><span class='avia_button_icon avia_button_icon_left avia-iconfont avia-font-entypo-fontello' data-av_icon='\ue881' data-av_iconfont='entypo-fontello' ><\/span><span class='avia_iconbox_title' >Traditionele markten<\/span><\/a><\/div><\/p><\/div><\/div><\/div><\/main><!-- close content main element --><\/div><\/div>\n<style type=\"text\/css\" data-created_by=\"avia_inline_auto\" id=\"style-css-av-kiyqkblt-a1fe504fc63b3f9747bba70889138187\">\n.avia-section.av-kiyqkblt-a1fe504fc63b3f9747bba70889138187{\nbackground-color:#ffffff;\nbackground-image:unset;\n}\n<\/style>\n<div id='av_section_2'  class='avia-section av-kiyqkblt-a1fe504fc63b3f9747bba70889138187 main_color avia-section-default avia-no-border-styling  avia-builder-el-16  el_after_av_section  avia-builder-el-last  avia-bg-style-scroll container_wrap sidebar_right'  ><div class='container av-section-cont-open' ><div class='template-page content  av-content-small alpha units'><div class='post-entry post-entry-type-page post-entry-4745'><div class='entry-content-wrapper clearfix'>\n<section  class='av_textblock_section av-kisnlo78-1-2bd7f7fefde228ec10eae8018df5f405 '   itemscope=\"itemscope\" itemtype=\"https:\/\/schema.org\/CreativeWork\" ><div class='avia_textblock'  itemprop=\"text\" ><h3 style=\"text-align: center;\">En nog veel meer ontdekkingen te doen in de Dordogne-P\u00e9rigord tijdens uw verblijf op camping Les \u00c9tangs de Plessac!&#8230;<\/h3>\n<\/div><\/section>\n\n<style type=\"text\/css\" data-created_by=\"avia_inline_auto\" id=\"style-css-av-kiyqfy5u-2-e3a88c1b5aed420fedc894bc62a04cdb\">\n#top .hr.hr-invisible.av-kiyqfy5u-2-e3a88c1b5aed420fedc894bc62a04cdb{\nheight:20px;\n}\n<\/style>\n<div  class='hr av-kiyqfy5u-2-e3a88c1b5aed420fedc894bc62a04cdb hr-invisible  avia-builder-el-18  el_after_av_textblock  el_before_av_masonry_gallery  avia-builder-el-last '><span class='hr-inner '><span class=\"hr-inner-style\"><\/span><\/span><\/div>\n<div id='av-masonry-1' class='av-masonry av-kiyq8v5t-4693589eac18759dc97ebd48ac33769a noHover av-flex-size av-large-gap av-hover-overlay- av-masonry-animation-active av-masonry-col-flexible av-caption-on-hover av-caption-style-overlay av-masonry-gallery ' data-post_id=\"4745\"><div class=\"av-masonry-container isotope av-js-disabled\"><div class='av-masonry-entry isotope-item av-masonry-item-no-image '><\/div><a href=\"https:\/\/campingdeplessac.fr\/wp-content\/uploads\/2020\/12\/tourisme-villars.jpg\"  aria-label=\"afbeelding tourisme-villars\"  id='av-masonry-1-item-4753' data-av-masonry-item='4753' class='av-masonry-entry isotope-item post-4753 attachment type-attachment status-inherit hentry  av-masonry-item-with-image' title=\"tourisme-villars\" alt=\"\"    itemprop=\"thumbnailUrl\" ><div class='av-inner-masonry-sizer'><\/div><figure class='av-inner-masonry main_color'><div class=\"av-masonry-outerimage-container\"><div class='av-masonry-image-container'  ><img decoding=\"async\" width=\"275\" height=\"183\" fetchpriority=\"high\" class=\"wp-image-4753 avia-img-lazy-loading-not-4753\"  src=\"https:\/\/campingdeplessac.fr\/wp-content\/uploads\/2020\/12\/tourisme-villars.jpg\" title=\"tourisme-villars\" alt=\"\" \/><\/div><\/div><figcaption class='av-inner-masonry-content site-background'><div class='av-inner-masonry-content-pos'><div class='av-inner-masonry-content-pos-content'><div class='avia-arrow'><\/div><div class='av-masonry-entry-content entry-content'  itemprop=\"text\" >Grotte de Villars<\/div><\/div><\/div><\/figcaption><\/figure><\/a><!--end av-masonry entry--><a href=\"https:\/\/campingdeplessac.fr\/wp-content\/uploads\/2020\/12\/tourisme-perigueux.jpg\" data-srcset=\"https:\/\/campingdeplessac.fr\/wp-content\/uploads\/2020\/12\/tourisme-perigueux.jpg 800w, https:\/\/campingdeplessac.fr\/wp-content\/uploads\/2020\/12\/tourisme-perigueux-300x200.jpg 300w, https:\/\/campingdeplessac.fr\/wp-content\/uploads\/2020\/12\/tourisme-perigueux-768x512.jpg 768w, https:\/\/campingdeplessac.fr\/wp-content\/uploads\/2020\/12\/tourisme-perigueux-705x470.jpg 705w\" data-sizes=\"(max-width: 800px) 100vw, 800px\"  aria-label=\"afbeelding tourisme-perigueux\"  id='av-masonry-1-item-4754' data-av-masonry-item='4754' class='av-masonry-entry isotope-item post-4754 attachment type-attachment status-inherit hentry  av-masonry-item-with-image' title=\"tourisme-perigueux\" alt=\"\"    itemprop=\"thumbnailUrl\" ><div class='av-inner-masonry-sizer'><\/div><figure class='av-inner-masonry main_color'><div class=\"av-masonry-outerimage-container\"><div class='av-masonry-image-container'  ><img decoding=\"async\" width=\"705\" height=\"470\" fetchpriority=\"high\" class=\"wp-image-4754 avia-img-lazy-loading-not-4754\"  src=\"https:\/\/campingdeplessac.fr\/wp-content\/uploads\/2020\/12\/tourisme-perigueux-705x470.jpg\" title=\"tourisme-perigueux\" alt=\"\" srcset=\"https:\/\/campingdeplessac.fr\/wp-content\/uploads\/2020\/12\/tourisme-perigueux-705x470.jpg 705w, https:\/\/campingdeplessac.fr\/wp-content\/uploads\/2020\/12\/tourisme-perigueux-300x200.jpg 300w, https:\/\/campingdeplessac.fr\/wp-content\/uploads\/2020\/12\/tourisme-perigueux-768x512.jpg 768w, https:\/\/campingdeplessac.fr\/wp-content\/uploads\/2020\/12\/tourisme-perigueux.jpg 800w\" sizes=\"(max-width: 705px) 100vw, 705px\" \/><\/div><\/div><figcaption class='av-inner-masonry-content site-background'><div class='av-inner-masonry-content-pos'><div class='av-inner-masonry-content-pos-content'><div class='avia-arrow'><\/div><div class='av-masonry-entry-content entry-content'  itemprop=\"text\" >P\u00e9rigueux<\/div><\/div><\/div><\/figcaption><\/figure><\/a><!--end av-masonry entry--><a href=\"https:\/\/campingdeplessac.fr\/wp-content\/uploads\/2020\/12\/tourisme-grotte-villars.jpg\"  aria-label=\"afbeelding tourisme-grotte-villars\"  id='av-masonry-1-item-4755' data-av-masonry-item='4755' class='av-masonry-entry isotope-item post-4755 attachment type-attachment status-inherit hentry  av-masonry-item-with-image' title=\"tourisme-grotte-villars\" alt=\"\"    itemprop=\"thumbnailUrl\" ><div class='av-inner-masonry-sizer'><\/div><figure class='av-inner-masonry main_color'><div class=\"av-masonry-outerimage-container\"><div class='av-masonry-image-container'  ><img decoding=\"async\" width=\"277\" height=\"182\" fetchpriority=\"high\" class=\"wp-image-4755 avia-img-lazy-loading-not-4755\"  src=\"https:\/\/campingdeplessac.fr\/wp-content\/uploads\/2020\/12\/tourisme-grotte-villars.jpg\" title=\"tourisme-grotte-villars\" alt=\"\" \/><\/div><\/div><figcaption class='av-inner-masonry-content site-background'><div class='av-inner-masonry-content-pos'><div class='av-inner-masonry-content-pos-content'><div class='avia-arrow'><\/div><div class='av-masonry-entry-content entry-content'  itemprop=\"text\" >Grotte de l'abbaye de Brant\u00f4me<\/div><\/div><\/div><\/figcaption><\/figure><\/a><!--end av-masonry entry--><a href=\"https:\/\/campingdeplessac.fr\/wp-content\/uploads\/2020\/12\/tourisme-marche-riberac.jpg\" data-srcset=\"https:\/\/campingdeplessac.fr\/wp-content\/uploads\/2020\/12\/tourisme-marche-riberac.jpg 640w, https:\/\/campingdeplessac.fr\/wp-content\/uploads\/2020\/12\/tourisme-marche-riberac-300x225.jpg 300w\" data-sizes=\"(max-width: 640px) 100vw, 640px\"  aria-label=\"afbeelding tourisme-marche-riberac\"  id='av-masonry-1-item-4756' data-av-masonry-item='4756' class='av-masonry-entry isotope-item post-4756 attachment type-attachment status-inherit hentry  av-masonry-item-with-image' title=\"tourisme-marche-riberac\" alt=\"\"    itemprop=\"thumbnailUrl\" ><div class='av-inner-masonry-sizer'><\/div><figure class='av-inner-masonry main_color'><div class=\"av-masonry-outerimage-container\"><div class='av-masonry-image-container'  ><img decoding=\"async\" width=\"640\" height=\"480\" fetchpriority=\"high\" class=\"wp-image-4756 avia-img-lazy-loading-not-4756\"  src=\"https:\/\/campingdeplessac.fr\/wp-content\/uploads\/2020\/12\/tourisme-marche-riberac.jpg\" title=\"tourisme-marche-riberac\" alt=\"\" srcset=\"https:\/\/campingdeplessac.fr\/wp-content\/uploads\/2020\/12\/tourisme-marche-riberac.jpg 640w, https:\/\/campingdeplessac.fr\/wp-content\/uploads\/2020\/12\/tourisme-marche-riberac-300x225.jpg 300w\" sizes=\"(max-width: 640px) 100vw, 640px\" \/><\/div><\/div><figcaption class='av-inner-masonry-content site-background'><div class='av-inner-masonry-content-pos'><div class='av-inner-masonry-content-pos-content'><div class='avia-arrow'><\/div><div class='av-masonry-entry-content entry-content'  itemprop=\"text\" >March\u00e9 de Rib\u00e9rac<\/div><\/div><\/div><\/figcaption><\/figure><\/a><!--end av-masonry entry--><a href=\"https:\/\/campingdeplessac.fr\/wp-content\/uploads\/2020\/12\/tourisme-cepes.jpg\"  aria-label=\"afbeelding tourisme-cepes\"  id='av-masonry-1-item-4757' data-av-masonry-item='4757' class='av-masonry-entry isotope-item post-4757 attachment type-attachment status-inherit hentry  av-masonry-item-with-image' title=\"tourisme-cepes\" alt=\"\"    itemprop=\"thumbnailUrl\" ><div class='av-inner-masonry-sizer'><\/div><figure class='av-inner-masonry main_color'><div class=\"av-masonry-outerimage-container\"><div class='av-masonry-image-container'  ><img decoding=\"async\" width=\"275\" height=\"175\" fetchpriority=\"high\" class=\"wp-image-4757 avia-img-lazy-loading-not-4757\"  src=\"https:\/\/campingdeplessac.fr\/wp-content\/uploads\/2020\/12\/tourisme-cepes.jpg\" title=\"tourisme-cepes\" alt=\"\" \/><\/div><\/div><figcaption class='av-inner-masonry-content site-background'><div class='av-inner-masonry-content-pos'><div class='av-inner-masonry-content-pos-content'><div class='avia-arrow'><\/div><\/div><\/div><\/figcaption><\/figure><\/a><!--end av-masonry entry--><a href=\"https:\/\/campingdeplessac.fr\/wp-content\/uploads\/2020\/12\/tourisme-canoe-brantome.jpg\"  aria-label=\"afbeelding tourisme-canoe-brantome\"  id='av-masonry-1-item-4758' data-av-masonry-item='4758' class='av-masonry-entry isotope-item post-4758 attachment type-attachment status-inherit hentry  av-masonry-item-with-image' title=\"tourisme-canoe-brantome\" alt=\"\"    itemprop=\"thumbnailUrl\" ><div class='av-inner-masonry-sizer'><\/div><figure class='av-inner-masonry main_color'><div class=\"av-masonry-outerimage-container\"><div class='av-masonry-image-container'  ><img decoding=\"async\" width=\"300\" height=\"168\" fetchpriority=\"high\" class=\"wp-image-4758 avia-img-lazy-loading-not-4758\"  src=\"https:\/\/campingdeplessac.fr\/wp-content\/uploads\/2020\/12\/tourisme-canoe-brantome.jpg\" title=\"tourisme-canoe-brantome\" alt=\"\" \/><\/div><\/div><figcaption class='av-inner-masonry-content site-background'><div class='av-inner-masonry-content-pos'><div class='av-inner-masonry-content-pos-content'><div class='avia-arrow'><\/div><div class='av-masonry-entry-content entry-content'  itemprop=\"text\" >Brant\u00f4me<\/div><\/div><\/div><\/figcaption><\/figure><\/a><!--end av-masonry entry--><a href=\"https:\/\/campingdeplessac.fr\/wp-content\/uploads\/2020\/12\/tourisme-brantome.jpg\"  aria-label=\"afbeelding tourisme-brantome\"  id='av-masonry-1-item-4759' data-av-masonry-item='4759' class='av-masonry-entry isotope-item post-4759 attachment type-attachment status-inherit hentry  av-masonry-item-with-image' title=\"tourisme-brantome\" alt=\"\"    itemprop=\"thumbnailUrl\" ><div class='av-inner-masonry-sizer'><\/div><figure class='av-inner-masonry main_color'><div class=\"av-masonry-outerimage-container\"><div class='av-masonry-image-container'  ><img decoding=\"async\" width=\"275\" height=\"183\" fetchpriority=\"high\" class=\"wp-image-4759 avia-img-lazy-loading-not-4759\"  src=\"https:\/\/campingdeplessac.fr\/wp-content\/uploads\/2020\/12\/tourisme-brantome.jpg\" title=\"tourisme-brantome\" alt=\"\" \/><\/div><\/div><figcaption class='av-inner-masonry-content site-background'><div class='av-inner-masonry-content-pos'><div class='av-inner-masonry-content-pos-content'><div class='avia-arrow'><\/div><div class='av-masonry-entry-content entry-content'  itemprop=\"text\" >Brant\u00f4me<\/div><\/div><\/div><\/figcaption><\/figure><\/a><!--end av-masonry entry--><a href=\"https:\/\/campingdeplessac.fr\/wp-content\/uploads\/2020\/12\/tourisme-oies.jpg\" data-srcset=\"https:\/\/campingdeplessac.fr\/wp-content\/uploads\/2020\/12\/tourisme-oies.jpg 654w, https:\/\/campingdeplessac.fr\/wp-content\/uploads\/2020\/12\/tourisme-oies-300x209.jpg 300w\" data-sizes=\"(max-width: 654px) 100vw, 654px\"  aria-label=\"afbeelding tourisme-oies\"  id='av-masonry-1-item-4760' data-av-masonry-item='4760' class='av-masonry-entry isotope-item post-4760 attachment type-attachment status-inherit hentry  av-masonry-item-with-image' title=\"tourisme-oies\" alt=\"\"    itemprop=\"thumbnailUrl\" ><div class='av-inner-masonry-sizer'><\/div><figure class='av-inner-masonry main_color'><div class=\"av-masonry-outerimage-container\"><div class='av-masonry-image-container'  ><img decoding=\"async\" width=\"654\" height=\"456\" fetchpriority=\"high\" class=\"wp-image-4760 avia-img-lazy-loading-not-4760\"  src=\"https:\/\/campingdeplessac.fr\/wp-content\/uploads\/2020\/12\/tourisme-oies.jpg\" title=\"tourisme-oies\" alt=\"\" srcset=\"https:\/\/campingdeplessac.fr\/wp-content\/uploads\/2020\/12\/tourisme-oies.jpg 654w, https:\/\/campingdeplessac.fr\/wp-content\/uploads\/2020\/12\/tourisme-oies-300x209.jpg 300w\" sizes=\"(max-width: 654px) 100vw, 654px\" \/><\/div><\/div><figcaption class='av-inner-masonry-content site-background'><div class='av-inner-masonry-content-pos'><div class='av-inner-masonry-content-pos-content'><div class='avia-arrow'><\/div><\/div><\/div><\/figcaption><\/figure><\/a><!--end av-masonry entry--><a href=\"https:\/\/campingdeplessac.fr\/wp-content\/uploads\/2020\/12\/tourisme-sarlat.jpg\" data-srcset=\"https:\/\/campingdeplessac.fr\/wp-content\/uploads\/2020\/12\/tourisme-sarlat.jpg 340w, https:\/\/campingdeplessac.fr\/wp-content\/uploads\/2020\/12\/tourisme-sarlat-300x212.jpg 300w, https:\/\/campingdeplessac.fr\/wp-content\/uploads\/2020\/12\/tourisme-sarlat-260x185.jpg 260w\" data-sizes=\"(max-width: 340px) 100vw, 340px\"  aria-label=\"afbeelding tourisme-sarlat\"  id='av-masonry-1-item-4761' data-av-masonry-item='4761' class='av-masonry-entry isotope-item post-4761 attachment type-attachment status-inherit hentry  av-masonry-item-with-image' title=\"tourisme-sarlat\" alt=\"\"    itemprop=\"thumbnailUrl\" ><div class='av-inner-masonry-sizer'><\/div><figure class='av-inner-masonry main_color'><div class=\"av-masonry-outerimage-container\"><div class='av-masonry-image-container'  ><img decoding=\"async\" width=\"340\" height=\"240\" fetchpriority=\"high\" class=\"wp-image-4761 avia-img-lazy-loading-not-4761\"  src=\"https:\/\/campingdeplessac.fr\/wp-content\/uploads\/2020\/12\/tourisme-sarlat.jpg\" title=\"tourisme-sarlat\" alt=\"\" srcset=\"https:\/\/campingdeplessac.fr\/wp-content\/uploads\/2020\/12\/tourisme-sarlat.jpg 340w, https:\/\/campingdeplessac.fr\/wp-content\/uploads\/2020\/12\/tourisme-sarlat-300x212.jpg 300w, https:\/\/campingdeplessac.fr\/wp-content\/uploads\/2020\/12\/tourisme-sarlat-260x185.jpg 260w\" sizes=\"(max-width: 340px) 100vw, 340px\" \/><\/div><\/div><figcaption class='av-inner-masonry-content site-background'><div class='av-inner-masonry-content-pos'><div class='av-inner-masonry-content-pos-content'><div class='avia-arrow'><\/div><div class='av-masonry-entry-content entry-content'  itemprop=\"text\" >Sarlat<\/div><\/div><\/div><\/figcaption><\/figure><\/a><!--end av-masonry entry--><a href=\"https:\/\/campingdeplessac.fr\/wp-content\/uploads\/2020\/12\/tourisme-bourdeilles.jpg\"  aria-label=\"afbeelding tourisme-bourdeilles\"  id='av-masonry-1-item-4762' data-av-masonry-item='4762' class='av-masonry-entry isotope-item post-4762 attachment type-attachment status-inherit hentry  av-masonry-item-with-image' title=\"tourisme-bourdeilles\" alt=\"\"    itemprop=\"thumbnailUrl\" ><div class='av-inner-masonry-sizer'><\/div><figure class='av-inner-masonry main_color'><div class=\"av-masonry-outerimage-container\"><div class='av-masonry-image-container'  ><img decoding=\"async\" width=\"300\" height=\"169\" fetchpriority=\"high\" class=\"wp-image-4762 avia-img-lazy-loading-not-4762\"  src=\"https:\/\/campingdeplessac.fr\/wp-content\/uploads\/2020\/12\/tourisme-bourdeilles.jpg\" title=\"tourisme-bourdeilles\" alt=\"\" \/><\/div><\/div><figcaption class='av-inner-masonry-content site-background'><div class='av-inner-masonry-content-pos'><div class='av-inner-masonry-content-pos-content'><div class='avia-arrow'><\/div><div class='av-masonry-entry-content entry-content'  itemprop=\"text\" >Bourdeilles<\/div><\/div><\/div><\/figcaption><\/figure><\/a><!--end av-masonry entry--><\/div><\/div>\n<\/div><\/div><\/div><!-- close content main div --><\/div><\/div><div id='after_section_2'  class='main_color av_default_container_wrap container_wrap sidebar_right'  ><div class='container av-section-cont-open' ><div class='template-page content  av-content-small alpha units'><div class='post-entry post-entry-type-page post-entry-4745'><div class='entry-content-wrapper clearfix'><\/p>\n","protected":false},"excerpt":{"rendered":"","protected":false},"author":1,"featured_media":0,"parent":0,"menu_order":0,"comment_status":"closed","ping_status":"closed","template":"","meta":{"footnotes":""},"class_list":["post-4745","page","type-page","status-publish","hentry"],"yoast_head":"<!-- This site is optimized with the Yoast SEO plugin v27.2 - https:\/\/yoast.com\/product\/yoast-seo-wordpress\/ -->\n<title>\u00c0 d\u00e9couvrir en Dordogne P\u00e9rigord autour du camping Les \u00c9tangs de Plessac<\/title>\n<meta name=\"description\" content=\"Le Camping Paradis Les \u00c9tangs de Plessac est situ\u00e9 tout pr\u00e8s de Brant\u00f4me, au c\u0153ur de multiples lieux touristiques et culturels de la Dordogne et du P\u00e9rigord : grottes, ch\u00e2teaux, cit\u00e9s m\u00e9di\u00e9vales, \u00e9tangs de p\u00eache, activit\u00e9s sportives et ludiques.\" \/>\n<meta name=\"robots\" content=\"index, follow, max-snippet:-1, max-image-preview:large, max-video-preview:-1\" \/>\n<link rel=\"canonical\" href=\"https:\/\/campingdeplessac.fr\/nl\/vrije-tijd-en-diensten-in-de-omgeving-camping-paradis-dordogne-perigord\/\" \/>\n<meta property=\"og:locale\" content=\"nl_NL\" \/>\n<meta property=\"og:type\" content=\"article\" \/>\n<meta property=\"og:title\" content=\"\u00c0 d\u00e9couvrir en Dordogne P\u00e9rigord autour du camping Les \u00c9tangs de Plessac\" \/>\n<meta property=\"og:description\" content=\"Le Camping Paradis Les \u00c9tangs de Plessac est situ\u00e9 tout pr\u00e8s de Brant\u00f4me, au c\u0153ur de multiples lieux touristiques et culturels de la Dordogne et du P\u00e9rigord : grottes, ch\u00e2teaux, cit\u00e9s m\u00e9di\u00e9vales, \u00e9tangs de p\u00eache, activit\u00e9s sportives et ludiques.\" \/>\n<meta property=\"og:url\" content=\"https:\/\/campingdeplessac.fr\/nl\/vrije-tijd-en-diensten-in-de-omgeving-camping-paradis-dordogne-perigord\/\" \/>\n<meta property=\"og:site_name\" content=\"Camping**** Les \u00c9tangs de Plessac, p\u00eache en Dordogne, \u00e9tang de p\u00eache, piscine couverte et chauff\u00e9e\" \/>\n<meta property=\"article:modified_time\" content=\"2024-01-03T15:07:01+00:00\" \/>\n<meta property=\"og:image\" content=\"https:\/\/campingdeplessac.fr\/wp-content\/uploads\/2020\/12\/tourisme-aux-alentours.jpg\" \/>\n<meta name=\"twitter:card\" content=\"summary_large_image\" \/>\n<meta name=\"twitter:label1\" content=\"Geschatte leestijd\" \/>\n\t<meta name=\"twitter:data1\" content=\"6 minuten\" \/>\n<script type=\"application\/ld+json\" class=\"yoast-schema-graph\">{\"@context\":\"https:\/\/schema.org\",\"@graph\":[{\"@type\":\"WebPage\",\"@id\":\"https:\/\/campingdeplessac.fr\/nl\/vrije-tijd-en-diensten-in-de-omgeving-camping-paradis-dordogne-perigord\/\",\"url\":\"https:\/\/campingdeplessac.fr\/nl\/vrije-tijd-en-diensten-in-de-omgeving-camping-paradis-dordogne-perigord\/\",\"name\":\"\u00c0 d\u00e9couvrir en Dordogne P\u00e9rigord autour du camping Les \u00c9tangs de Plessac\",\"isPartOf\":{\"@id\":\"https:\/\/campingdeplessac.fr\/#website\"},\"primaryImageOfPage\":{\"@id\":\"https:\/\/campingdeplessac.fr\/nl\/vrije-tijd-en-diensten-in-de-omgeving-camping-paradis-dordogne-perigord\/#primaryimage\"},\"image\":{\"@id\":\"https:\/\/campingdeplessac.fr\/nl\/vrije-tijd-en-diensten-in-de-omgeving-camping-paradis-dordogne-perigord\/#primaryimage\"},\"thumbnailUrl\":\"https:\/\/campingdeplessac.fr\/wp-content\/uploads\/2020\/12\/tourisme-aux-alentours.jpg\",\"datePublished\":\"2020-12-21T15:13:01+00:00\",\"dateModified\":\"2024-01-03T15:07:01+00:00\",\"description\":\"Le Camping Paradis Les \u00c9tangs de Plessac est situ\u00e9 tout pr\u00e8s de Brant\u00f4me, au c\u0153ur de multiples lieux touristiques et culturels de la Dordogne et du P\u00e9rigord : grottes, ch\u00e2teaux, cit\u00e9s m\u00e9di\u00e9vales, \u00e9tangs de p\u00eache, activit\u00e9s sportives et ludiques.\",\"breadcrumb\":{\"@id\":\"https:\/\/campingdeplessac.fr\/nl\/vrije-tijd-en-diensten-in-de-omgeving-camping-paradis-dordogne-perigord\/#breadcrumb\"},\"inLanguage\":\"nl-NL\",\"potentialAction\":[{\"@type\":\"ReadAction\",\"target\":[\"https:\/\/campingdeplessac.fr\/nl\/vrije-tijd-en-diensten-in-de-omgeving-camping-paradis-dordogne-perigord\/\"]}]},{\"@type\":\"ImageObject\",\"inLanguage\":\"nl-NL\",\"@id\":\"https:\/\/campingdeplessac.fr\/nl\/vrije-tijd-en-diensten-in-de-omgeving-camping-paradis-dordogne-perigord\/#primaryimage\",\"url\":\"https:\/\/campingdeplessac.fr\/wp-content\/uploads\/2020\/12\/tourisme-aux-alentours.jpg\",\"contentUrl\":\"https:\/\/campingdeplessac.fr\/wp-content\/uploads\/2020\/12\/tourisme-aux-alentours.jpg\"},{\"@type\":\"BreadcrumbList\",\"@id\":\"https:\/\/campingdeplessac.fr\/nl\/vrije-tijd-en-diensten-in-de-omgeving-camping-paradis-dordogne-perigord\/#breadcrumb\",\"itemListElement\":[{\"@type\":\"ListItem\",\"position\":1,\"name\":\"Accueil\",\"item\":\"https:\/\/campingdeplessac.fr\/nl\/\"},{\"@type\":\"ListItem\",\"position\":2,\"name\":\"Vrije tijd en diensten in de omgeving\"}]},{\"@type\":\"WebSite\",\"@id\":\"https:\/\/campingdeplessac.fr\/#website\",\"url\":\"https:\/\/campingdeplessac.fr\/\",\"name\":\"Camping**** Les \u00c9tangs de Plessac, p\u00eache en Dordogne, \u00e9tang de p\u00eache, piscine couverte et chauff\u00e9e\",\"description\":\"Camping en bord d&#039;\u00e9tangs de p\u00eache en Dordogne P\u00e9rigord pr\u00e8s de Brant\u00f4me\",\"publisher\":{\"@id\":\"https:\/\/campingdeplessac.fr\/#organization\"},\"potentialAction\":[{\"@type\":\"SearchAction\",\"target\":{\"@type\":\"EntryPoint\",\"urlTemplate\":\"https:\/\/campingdeplessac.fr\/?s={search_term_string}\"},\"query-input\":{\"@type\":\"PropertyValueSpecification\",\"valueRequired\":true,\"valueName\":\"search_term_string\"}}],\"inLanguage\":\"nl-NL\"},{\"@type\":\"Organization\",\"@id\":\"https:\/\/campingdeplessac.fr\/#organization\",\"name\":\"Camping Paradis Les \u00c9tangs de Plessac\",\"url\":\"https:\/\/campingdeplessac.fr\/\",\"logo\":{\"@type\":\"ImageObject\",\"inLanguage\":\"nl-NL\",\"@id\":\"https:\/\/campingdeplessac.fr\/#\/schema\/logo\/image\/\",\"url\":\"https:\/\/campingdeplessac.fr\/wp-content\/uploads\/2020\/12\/logo-200x140px.png\",\"contentUrl\":\"https:\/\/campingdeplessac.fr\/wp-content\/uploads\/2020\/12\/logo-200x140px.png\",\"width\":200,\"height\":140,\"caption\":\"Camping Paradis Les \u00c9tangs de Plessac\"},\"image\":{\"@id\":\"https:\/\/campingdeplessac.fr\/#\/schema\/logo\/image\/\"}}]}<\/script>\n<!-- \/ Yoast SEO plugin. -->","yoast_head_json":{"title":"\u00c0 d\u00e9couvrir en Dordogne P\u00e9rigord autour du camping Les \u00c9tangs de Plessac","description":"Le Camping Paradis Les \u00c9tangs de Plessac est situ\u00e9 tout pr\u00e8s de Brant\u00f4me, au c\u0153ur de multiples lieux touristiques et culturels de la Dordogne et du P\u00e9rigord : grottes, ch\u00e2teaux, cit\u00e9s m\u00e9di\u00e9vales, \u00e9tangs de p\u00eache, activit\u00e9s sportives et ludiques.","robots":{"index":"index","follow":"follow","max-snippet":"max-snippet:-1","max-image-preview":"max-image-preview:large","max-video-preview":"max-video-preview:-1"},"canonical":"https:\/\/campingdeplessac.fr\/nl\/vrije-tijd-en-diensten-in-de-omgeving-camping-paradis-dordogne-perigord\/","og_locale":"nl_NL","og_type":"article","og_title":"\u00c0 d\u00e9couvrir en Dordogne P\u00e9rigord autour du camping Les \u00c9tangs de Plessac","og_description":"Le Camping Paradis Les \u00c9tangs de Plessac est situ\u00e9 tout pr\u00e8s de Brant\u00f4me, au c\u0153ur de multiples lieux touristiques et culturels de la Dordogne et du P\u00e9rigord : grottes, ch\u00e2teaux, cit\u00e9s m\u00e9di\u00e9vales, \u00e9tangs de p\u00eache, activit\u00e9s sportives et ludiques.","og_url":"https:\/\/campingdeplessac.fr\/nl\/vrije-tijd-en-diensten-in-de-omgeving-camping-paradis-dordogne-perigord\/","og_site_name":"Camping**** Les \u00c9tangs de Plessac, p\u00eache en Dordogne, \u00e9tang de p\u00eache, piscine couverte et chauff\u00e9e","article_modified_time":"2024-01-03T15:07:01+00:00","og_image":[{"url":"https:\/\/campingdeplessac.fr\/wp-content\/uploads\/2020\/12\/tourisme-aux-alentours.jpg","type":"","width":"","height":""}],"twitter_card":"summary_large_image","twitter_misc":{"Geschatte leestijd":"6 minuten"},"schema":{"@context":"https:\/\/schema.org","@graph":[{"@type":"WebPage","@id":"https:\/\/campingdeplessac.fr\/nl\/vrije-tijd-en-diensten-in-de-omgeving-camping-paradis-dordogne-perigord\/","url":"https:\/\/campingdeplessac.fr\/nl\/vrije-tijd-en-diensten-in-de-omgeving-camping-paradis-dordogne-perigord\/","name":"\u00c0 d\u00e9couvrir en Dordogne P\u00e9rigord autour du camping Les \u00c9tangs de Plessac","isPartOf":{"@id":"https:\/\/campingdeplessac.fr\/#website"},"primaryImageOfPage":{"@id":"https:\/\/campingdeplessac.fr\/nl\/vrije-tijd-en-diensten-in-de-omgeving-camping-paradis-dordogne-perigord\/#primaryimage"},"image":{"@id":"https:\/\/campingdeplessac.fr\/nl\/vrije-tijd-en-diensten-in-de-omgeving-camping-paradis-dordogne-perigord\/#primaryimage"},"thumbnailUrl":"https:\/\/campingdeplessac.fr\/wp-content\/uploads\/2020\/12\/tourisme-aux-alentours.jpg","datePublished":"2020-12-21T15:13:01+00:00","dateModified":"2024-01-03T15:07:01+00:00","description":"Le Camping Paradis Les \u00c9tangs de Plessac est situ\u00e9 tout pr\u00e8s de Brant\u00f4me, au c\u0153ur de multiples lieux touristiques et culturels de la Dordogne et du P\u00e9rigord : grottes, ch\u00e2teaux, cit\u00e9s m\u00e9di\u00e9vales, \u00e9tangs de p\u00eache, activit\u00e9s sportives et ludiques.","breadcrumb":{"@id":"https:\/\/campingdeplessac.fr\/nl\/vrije-tijd-en-diensten-in-de-omgeving-camping-paradis-dordogne-perigord\/#breadcrumb"},"inLanguage":"nl-NL","potentialAction":[{"@type":"ReadAction","target":["https:\/\/campingdeplessac.fr\/nl\/vrije-tijd-en-diensten-in-de-omgeving-camping-paradis-dordogne-perigord\/"]}]},{"@type":"ImageObject","inLanguage":"nl-NL","@id":"https:\/\/campingdeplessac.fr\/nl\/vrije-tijd-en-diensten-in-de-omgeving-camping-paradis-dordogne-perigord\/#primaryimage","url":"https:\/\/campingdeplessac.fr\/wp-content\/uploads\/2020\/12\/tourisme-aux-alentours.jpg","contentUrl":"https:\/\/campingdeplessac.fr\/wp-content\/uploads\/2020\/12\/tourisme-aux-alentours.jpg"},{"@type":"BreadcrumbList","@id":"https:\/\/campingdeplessac.fr\/nl\/vrije-tijd-en-diensten-in-de-omgeving-camping-paradis-dordogne-perigord\/#breadcrumb","itemListElement":[{"@type":"ListItem","position":1,"name":"Accueil","item":"https:\/\/campingdeplessac.fr\/nl\/"},{"@type":"ListItem","position":2,"name":"Vrije tijd en diensten in de omgeving"}]},{"@type":"WebSite","@id":"https:\/\/campingdeplessac.fr\/#website","url":"https:\/\/campingdeplessac.fr\/","name":"Camping**** Les \u00c9tangs de Plessac, p\u00eache en Dordogne, \u00e9tang de p\u00eache, piscine couverte et chauff\u00e9e","description":"Camping en bord d&#039;\u00e9tangs de p\u00eache en Dordogne P\u00e9rigord pr\u00e8s de Brant\u00f4me","publisher":{"@id":"https:\/\/campingdeplessac.fr\/#organization"},"potentialAction":[{"@type":"SearchAction","target":{"@type":"EntryPoint","urlTemplate":"https:\/\/campingdeplessac.fr\/?s={search_term_string}"},"query-input":{"@type":"PropertyValueSpecification","valueRequired":true,"valueName":"search_term_string"}}],"inLanguage":"nl-NL"},{"@type":"Organization","@id":"https:\/\/campingdeplessac.fr\/#organization","name":"Camping Paradis Les \u00c9tangs de Plessac","url":"https:\/\/campingdeplessac.fr\/","logo":{"@type":"ImageObject","inLanguage":"nl-NL","@id":"https:\/\/campingdeplessac.fr\/#\/schema\/logo\/image\/","url":"https:\/\/campingdeplessac.fr\/wp-content\/uploads\/2020\/12\/logo-200x140px.png","contentUrl":"https:\/\/campingdeplessac.fr\/wp-content\/uploads\/2020\/12\/logo-200x140px.png","width":200,"height":140,"caption":"Camping Paradis Les \u00c9tangs de Plessac"},"image":{"@id":"https:\/\/campingdeplessac.fr\/#\/schema\/logo\/image\/"}}]}},"_links":{"self":[{"href":"https:\/\/campingdeplessac.fr\/nl\/wp-json\/wp\/v2\/pages\/4745","targetHints":{"allow":["GET"]}}],"collection":[{"href":"https:\/\/campingdeplessac.fr\/nl\/wp-json\/wp\/v2\/pages"}],"about":[{"href":"https:\/\/campingdeplessac.fr\/nl\/wp-json\/wp\/v2\/types\/page"}],"author":[{"embeddable":true,"href":"https:\/\/campingdeplessac.fr\/nl\/wp-json\/wp\/v2\/users\/1"}],"replies":[{"embeddable":true,"href":"https:\/\/campingdeplessac.fr\/nl\/wp-json\/wp\/v2\/comments?post=4745"}],"version-history":[{"count":0,"href":"https:\/\/campingdeplessac.fr\/nl\/wp-json\/wp\/v2\/pages\/4745\/revisions"}],"wp:attachment":[{"href":"https:\/\/campingdeplessac.fr\/nl\/wp-json\/wp\/v2\/media?parent=4745"}],"curies":[{"name":"wp","href":"https:\/\/api.w.org\/{rel}","templated":true}]}}