{"id":4577,"date":"2020-12-17T08:57:43","date_gmt":"2020-12-17T07:57:43","guid":{"rendered":"https:\/\/campingdeplessac.fr\/location-mobil-homes-chalets-brantome-dordogne-perigord\/"},"modified":"2026-01-15T15:46:54","modified_gmt":"2026-01-15T14:46:54","slug":"verhuur-stacaravans-chalets-brantome-dordogne-perigord","status":"publish","type":"page","link":"https:\/\/campingdeplessac.fr\/nl\/verhuur-stacaravans-chalets-brantome-dordogne-perigord\/","title":{"rendered":"Accomodaties"},"content":{"rendered":"<div id='av_section_1'  class='avia-section av-3rx38g-3243f73e16a34ec04dec514a588f7b44 main_color avia-section-default avia-no-border-styling  avia-builder-el-0  el_before_av_section  avia-builder-el-first  avia-bg-style-scroll container_wrap sidebar_right'  ><div class='container av-section-cont-open' ><main  role=\"main\" itemprop=\"mainContentOfPage\"  class='template-page content  av-content-small alpha units'><div class='post-entry post-entry-type-page post-entry-4577'><div class='entry-content-wrapper clearfix'>\n\n<style type=\"text\/css\" data-created_by=\"avia_inline_auto\" id=\"style-css-av-kki94ly3-6ee57ec90d058fff40ae667652effa21\">\n#top .av-special-heading.av-kki94ly3-6ee57ec90d058fff40ae667652effa21{\npadding-bottom:0;\ncolor:#7fb021;\n}\nbody .av-special-heading.av-kki94ly3-6ee57ec90d058fff40ae667652effa21 .av-special-heading-tag .heading-char{\nfont-size:25px;\n}\n.av-special-heading.av-kki94ly3-6ee57ec90d058fff40ae667652effa21 .special-heading-inner-border{\nborder-color:#7fb021;\n}\n.av-special-heading.av-kki94ly3-6ee57ec90d058fff40ae667652effa21 .av-subheading{\nfont-size:20px;\n}\n<\/style>\n<div  class='av-special-heading av-kki94ly3-6ee57ec90d058fff40ae667652effa21 av-special-heading-h2 custom-color-heading blockquote modern-quote modern-centered  avia-builder-el-1  avia-builder-el-no-sibling  av-linked-heading'><h2 class='av-special-heading-tag '  itemprop=\"headline\"  >Veel vakantieverblijven ter plaatse<br \/>\nHet gevoel thuis te zijn&#8230;<\/h2><div class='av_custom_color av-subheading av-subheading_below'><p><span style=\"color: #9c9c9c;\">Verhuur van stacaravans en chalets met 2 en 3 slaapkamers in de Dordogne P\u00e9rigord op grote percelen voor uw rust.<\/span><\/p>\n<\/div><div class=\"special-heading-border\"><div class=\"special-heading-inner-border\"><\/div><\/div><\/div>\n\n<\/div><\/div><\/main><!-- close content main element --><\/div><\/div>\n<style type=\"text\/css\" data-created_by=\"avia_inline_auto\" id=\"style-css-av-kispumx8-9fef8254f5265ca8ca0f545b0932d94f\">\n.avia-section.av-kispumx8-9fef8254f5265ca8ca0f545b0932d94f{\nbackground-color:#34bdef;\nbackground-image:unset;\n}\n<\/style>\n<div id='av_section_2'  class='avia-section av-kispumx8-9fef8254f5265ca8ca0f545b0932d94f main_color avia-section-small avia-no-border-styling  avia-builder-el-2  el_after_av_section  el_before_av_section  avia-bg-style-scroll container_wrap sidebar_right'  ><div class='container av-section-cont-open' ><div class='template-page content  av-content-small alpha units'><div class='post-entry post-entry-type-page post-entry-4577'><div class='entry-content-wrapper clearfix'>\n\n<style type=\"text\/css\" data-created_by=\"avia_inline_auto\" id=\"style-css-av-7bas40-08047c1f2750fa95a53d60d1e67e81c3\">\n.flex_column.av-7bas40-08047c1f2750fa95a53d60d1e67e81c3{\nborder-radius:0px 0px 0px 0px;\npadding:0px 0px 0px 0px;\nbackground-color:#34bdef;\n}\n<\/style>\n<div  class='flex_column av-7bas40-08047c1f2750fa95a53d60d1e67e81c3 av_one_full  avia-builder-el-3  avia-builder-el-no-sibling  first flex_column_div av-zero-column-padding  '     ><div  class='avia-button-wrap av-mkfkc7hq-0961ccab9d2308e0cf72f4e3a61a532f-wrap avia-button-center  avia-builder-el-4  avia-builder-el-no-sibling '>\n<style type=\"text\/css\" data-created_by=\"avia_inline_auto\" id=\"style-css-av-mkfkc7hq-0961ccab9d2308e0cf72f4e3a61a532f\">\n#top #wrap_all .avia-button.av-mkfkc7hq-0961ccab9d2308e0cf72f4e3a61a532f{\nfont-size:20px;\ntransition:all 0.4s ease-in-out;\nmargin:0 0 0 0;\npadding:10px 100px 10px 100px;\n}\n#top #wrap_all .avia-button.av-mkfkc7hq-0961ccab9d2308e0cf72f4e3a61a532f:hover{\ncolor:white;\ntransition:all 0.4s ease-in-out;\n}\n#top #wrap_all .avia-button.av-mkfkc7hq-0961ccab9d2308e0cf72f4e3a61a532f:hover .avia-svg-icon svg:first-child{\nfill:white;\nstroke:white;\n}\n<\/style>\n<a href='https:\/\/nl.booking.addguests.com\/campings\/camping-les-etangs-du-plessac-78225'  class='avia-button av-mkfkc7hq-0961ccab9d2308e0cf72f4e3a61a532f av-link-btn avia-icon_select-yes-left-icon avia-size-large avia-position-center avia-color-black avia-font-color-theme-color'  target=\"_blank\"  rel=\"noopener noreferrer\"  aria-label=\"Tarieven en Reserveringen\"><span class='avia_button_icon avia_button_icon_left avia-iconfont avia-font-entypo-fontello' data-av_icon='\ue803' data-av_iconfont='entypo-fontello' ><\/span><span class='avia_iconbox_title' >Tarieven en Reserveringen<\/span><span class='avia_button_background avia-button avia-color-theme-color-highlight' ><\/span><\/a><\/div><\/div><\/div><\/div><\/div><!-- close content main div --><\/div><\/div>\n<style type=\"text\/css\" data-created_by=\"avia_inline_auto\" id=\"style-css-av-k2bz91f0-20c3dc78fd5267c817e514e928734036\">\n.avia-section.av-k2bz91f0-20c3dc78fd5267c817e514e928734036{\nbackground-color:#f9f9f9;\nbackground-image:unset;\nmargin-top:0px;\nmargin-bottom:0px;\n}\n<\/style>\n<div id='av_section_3'  class='avia-section av-k2bz91f0-20c3dc78fd5267c817e514e928734036 main_color avia-section-default avia-no-border-styling  avia-builder-el-5  el_after_av_section  el_before_av_section  avia-bg-style-scroll container_wrap sidebar_right'  ><div class='container av-section-cont-open' ><div class='template-page content  av-content-small alpha units'><div class='post-entry post-entry-type-page post-entry-4577'><div class='entry-content-wrapper clearfix'>\n<div class='flex_column_table av-24p36k-d31fe9b73f15fb7d01542fd85ca41005 sc-av_one_third av-equal-height-column-flextable'>\n<style type=\"text\/css\" data-created_by=\"avia_inline_auto\" id=\"style-css-av-24p36k-d31fe9b73f15fb7d01542fd85ca41005\">\n.flex_column.av-24p36k-d31fe9b73f15fb7d01542fd85ca41005{\nborder-radius:0px 0px 0px 0px;\npadding:0px 0px 0px 0px;\n}\n<\/style>\n<div  class='flex_column av-24p36k-d31fe9b73f15fb7d01542fd85ca41005 av_one_third  avia-builder-el-6  el_before_av_one_third  avia-builder-el-first  first flex_column_table_cell av-equal-height-column av-align-top av-zero-column-padding  '     ><p>\n<style type=\"text\/css\" data-created_by=\"avia_inline_auto\" id=\"style-css-av-2b8nmo-20b6ec95231972eb3e5f1f35988773b9\">\n.avia-image-container.av-2b8nmo-20b6ec95231972eb3e5f1f35988773b9 img.avia_image{\nbox-shadow:none;\n}\n.avia-image-container.av-2b8nmo-20b6ec95231972eb3e5f1f35988773b9 .av-image-caption-overlay-center{\ncolor:#ffffff;\n}\n<\/style>\n<div  class='avia-image-container av-2b8nmo-20b6ec95231972eb3e5f1f35988773b9 av-styling- av-img-linked avia-align-center  avia-builder-el-7  el_before_av_heading  avia-builder-el-first '   itemprop=\"image\" itemscope=\"itemscope\" itemtype=\"https:\/\/schema.org\/ImageObject\" ><div class=\"avia-image-container-inner\"><div class=\"avia-image-overlay-wrap\"><a href=\"https:\/\/campingdeplessac.fr\/location-mobil-homes-chalets-brantome-dordogne-perigord\/mobil-homes-2-chambres-confort-camping-brantome-dordogne-perigord\/\" class='avia_image '  aria-label='Location mobil home Dordogne - MH-2chbres-Confort'><img decoding=\"async\" fetchpriority=\"high\" class='wp-image-4578 avia-img-lazy-loading-not-4578 avia_image ' src=\"https:\/\/campingdeplessac.fr\/wp-content\/uploads\/2020\/12\/MH-2chbres-Classique.jpg\" alt='' title='Location mobil home Dordogne - MH-2chbres-Confort'  height=\"267\" width=\"400\"  itemprop=\"thumbnailUrl\" srcset=\"https:\/\/campingdeplessac.fr\/wp-content\/uploads\/2020\/12\/MH-2chbres-Classique.jpg 400w, https:\/\/campingdeplessac.fr\/wp-content\/uploads\/2020\/12\/MH-2chbres-Classique-300x200.jpg 300w\" sizes=\"(max-width: 400px) 100vw, 400px\" \/><\/a><\/div><\/div><\/div><br \/>\n\n<style type=\"text\/css\" data-created_by=\"avia_inline_auto\" id=\"style-css-av-kj2pgbge-c908d3d39ead894055729fc5bbd0dee1\">\n#top .av-special-heading.av-kj2pgbge-c908d3d39ead894055729fc5bbd0dee1{\npadding-bottom:10px;\n}\nbody .av-special-heading.av-kj2pgbge-c908d3d39ead894055729fc5bbd0dee1 .av-special-heading-tag .heading-char{\nfont-size:25px;\n}\n.av-special-heading.av-kj2pgbge-c908d3d39ead894055729fc5bbd0dee1 .av-subheading{\nfont-size:15px;\n}\n<\/style>\n<div  class='av-special-heading av-kj2pgbge-c908d3d39ead894055729fc5bbd0dee1 av-special-heading-h3 blockquote modern-quote modern-centered  avia-builder-el-8  el_after_av_image  el_before_av_button '><h3 class='av-special-heading-tag '  itemprop=\"headline\"  >Stacaravans 2 slaapkamers Confort<\/h3><div class='av-subheading av-subheading_below'><p>Rapid\u2019home, Lousiane Savanah, Super Titania<\/p>\n<\/div><div class=\"special-heading-border\"><div class=\"special-heading-inner-border\"><\/div><\/div><\/div><br \/>\n<div  class='avia-button-wrap av-kiskhcai-191774d837b7e03c86f1cf67cd0aa344-wrap avia-button-center  avia-builder-el-9  el_after_av_heading  avia-builder-el-last '>\n<style type=\"text\/css\" data-created_by=\"avia_inline_auto\" id=\"style-css-av-kiskhcai-191774d837b7e03c86f1cf67cd0aa344\">\n#top #wrap_all .avia-button.av-kiskhcai-191774d837b7e03c86f1cf67cd0aa344{\nbackground-color:#7fb021;\nborder-color:#7fb021;\ncolor:#ffffff;\ntransition:all 0.4s ease-in-out;\n}\n#top #wrap_all .avia-button.av-kiskhcai-191774d837b7e03c86f1cf67cd0aa344 .avia-svg-icon svg:first-child{\nfill:#ffffff;\nstroke:#ffffff;\n}\n<\/style>\n<a href='https:\/\/campingdeplessac.fr\/location-mobil-homes-chalets-brantome-dordogne-perigord\/mobil-homes-2-chambres-confort-camping-brantome-dordogne-perigord\/'  class='avia-button av-kiskhcai-191774d837b7e03c86f1cf67cd0aa344 av-link-btn avia-icon_select-yes-left-icon avia-size-medium avia-position-center'   aria-label=\"Meer info\"><span class='avia_button_icon avia_button_icon_left avia-iconfont avia-font-entypo-fontello' data-av_icon='\ue881' data-av_iconfont='entypo-fontello' ><\/span><span class='avia_iconbox_title' >Meer info<\/span><\/a><\/div><\/p><\/div><div class='av-flex-placeholder'><\/div>\n<style type=\"text\/css\" data-created_by=\"avia_inline_auto\" id=\"style-css-av-24p36k-28-2acda4b39d197b176c67a314cb3fe143\">\n.flex_column.av-24p36k-28-2acda4b39d197b176c67a314cb3fe143{\nborder-radius:0px 0px 0px 0px;\npadding:0px 0px 0px 0px;\n}\n<\/style>\n<div  class='flex_column av-24p36k-28-2acda4b39d197b176c67a314cb3fe143 av_one_third  avia-builder-el-10  el_after_av_one_third  el_before_av_one_third  flex_column_table_cell av-equal-height-column av-align-top av-zero-column-padding  '     ><p>\n<style type=\"text\/css\" data-created_by=\"avia_inline_auto\" id=\"style-css-av-2b8nmo-27-30cc7c2fcb47780a250890ba38434118\">\n.avia-image-container.av-2b8nmo-27-30cc7c2fcb47780a250890ba38434118 img.avia_image{\nbox-shadow:none;\n}\n.avia-image-container.av-2b8nmo-27-30cc7c2fcb47780a250890ba38434118 .av-image-caption-overlay-center{\ncolor:#ffffff;\n}\n<\/style>\n<div  class='avia-image-container av-2b8nmo-27-30cc7c2fcb47780a250890ba38434118 av-styling- av-img-linked avia-align-center  avia-builder-el-11  el_before_av_heading  avia-builder-el-first '   itemprop=\"image\" itemscope=\"itemscope\" itemtype=\"https:\/\/schema.org\/ImageObject\" ><div class=\"avia-image-container-inner\"><div class=\"avia-image-overlay-wrap\"><a href=\"https:\/\/campingdeplessac.fr\/location-mobil-homes-chalets-brantome-dordogne-perigord\/mobil-homes-2-chambres-eden-camping-brantome-dordogne-perigord\/\" class='avia_image '  aria-label='Location mobil home Dordogne - MH-2chbres-Eden'><img decoding=\"async\" fetchpriority=\"high\" class='wp-image-4581 avia-img-lazy-loading-not-4581 avia_image ' src=\"https:\/\/campingdeplessac.fr\/wp-content\/uploads\/2020\/12\/MH-2chbres-Paradis.jpg\" alt='' title='Location mobil home Dordogne - MH-2chbres-Eden'  height=\"267\" width=\"400\"  itemprop=\"thumbnailUrl\" srcset=\"https:\/\/campingdeplessac.fr\/wp-content\/uploads\/2020\/12\/MH-2chbres-Paradis.jpg 400w, https:\/\/campingdeplessac.fr\/wp-content\/uploads\/2020\/12\/MH-2chbres-Paradis-300x200.jpg 300w\" sizes=\"(max-width: 400px) 100vw, 400px\" \/><\/a><\/div><\/div><\/div><br \/>\n\n<style type=\"text\/css\" data-created_by=\"avia_inline_auto\" id=\"style-css-av-kj2pglss-cf20164f66da03799b21565229c3d302\">\n#top .av-special-heading.av-kj2pglss-cf20164f66da03799b21565229c3d302{\npadding-bottom:10px;\n}\nbody .av-special-heading.av-kj2pglss-cf20164f66da03799b21565229c3d302 .av-special-heading-tag .heading-char{\nfont-size:25px;\n}\n.av-special-heading.av-kj2pglss-cf20164f66da03799b21565229c3d302 .av-subheading{\nfont-size:15px;\n}\n<\/style>\n<div  class='av-special-heading av-kj2pglss-cf20164f66da03799b21565229c3d302 av-special-heading-h3 blockquote modern-quote modern-centered  avia-builder-el-12  el_after_av_image  el_before_av_button '><h3 class='av-special-heading-tag '  itemprop=\"headline\"  >Stacaravans 2 slaapkamers Eden<\/h3><div class='av-subheading av-subheading_below'><p>Louisiane en Rapidhome<\/p>\n<\/div><div class=\"special-heading-border\"><div class=\"special-heading-inner-border\"><\/div><\/div><\/div><br \/>\n<div  class='avia-button-wrap av-kiskhcai-26-05e02aaab098907e64226a5b336306a1-wrap avia-button-center  avia-builder-el-13  el_after_av_heading  avia-builder-el-last '>\n<style type=\"text\/css\" data-created_by=\"avia_inline_auto\" id=\"style-css-av-kiskhcai-26-05e02aaab098907e64226a5b336306a1\">\n#top #wrap_all .avia-button.av-kiskhcai-26-05e02aaab098907e64226a5b336306a1{\nbackground-color:#7fb021;\nborder-color:#7fb021;\ncolor:#ffffff;\ntransition:all 0.4s ease-in-out;\n}\n#top #wrap_all .avia-button.av-kiskhcai-26-05e02aaab098907e64226a5b336306a1 .avia-svg-icon svg:first-child{\nfill:#ffffff;\nstroke:#ffffff;\n}\n<\/style>\n<a href='https:\/\/campingdeplessac.fr\/location-mobil-homes-chalets-brantome-dordogne-perigord\/mobil-homes-2-chambres-eden-camping-brantome-dordogne-perigord\/'  class='avia-button av-kiskhcai-26-05e02aaab098907e64226a5b336306a1 av-link-btn avia-icon_select-yes-left-icon avia-size-medium avia-position-center'   aria-label=\"Meer info\"><span class='avia_button_icon avia_button_icon_left avia-iconfont avia-font-entypo-fontello' data-av_icon='\ue881' data-av_iconfont='entypo-fontello' ><\/span><span class='avia_iconbox_title' >Meer info<\/span><\/a><\/div><\/p><\/div><div class='av-flex-placeholder'><\/div>\n<style type=\"text\/css\" data-created_by=\"avia_inline_auto\" id=\"style-css-av-24p36k-25-2a36d5690730d9d687eca95ed2ed592f\">\n.flex_column.av-24p36k-25-2a36d5690730d9d687eca95ed2ed592f{\nborder-radius:0px 0px 0px 0px;\npadding:0px 0px 0px 0px;\n}\n<\/style>\n<div  class='flex_column av-24p36k-25-2a36d5690730d9d687eca95ed2ed592f av_one_third  avia-builder-el-14  el_after_av_one_third  avia-builder-el-last  flex_column_table_cell av-equal-height-column av-align-top av-zero-column-padding  '     ><p>\n<style type=\"text\/css\" data-created_by=\"avia_inline_auto\" id=\"style-css-av-2b8nmo-24-b3269cfeb17a74c72b7f1ae68831dbeb\">\n.avia-image-container.av-2b8nmo-24-b3269cfeb17a74c72b7f1ae68831dbeb img.avia_image{\nbox-shadow:none;\n}\n.avia-image-container.av-2b8nmo-24-b3269cfeb17a74c72b7f1ae68831dbeb .av-image-caption-overlay-center{\ncolor:#ffffff;\n}\n<\/style>\n<div  class='avia-image-container av-2b8nmo-24-b3269cfeb17a74c72b7f1ae68831dbeb av-styling- av-img-linked avia-align-center  avia-builder-el-15  el_before_av_heading  avia-builder-el-first '   itemprop=\"image\" itemscope=\"itemscope\" itemtype=\"https:\/\/schema.org\/ImageObject\" ><div class=\"avia-image-container-inner\"><div class=\"avia-image-overlay-wrap\"><a href=\"https:\/\/campingdeplessac.fr\/nl\/verhuur-stacaravans-chalets-brantome-dordogne-perigord\/stacaravans-2-slaapkamers-premium-camping-brantome-dordogne-perigord\/\" class='avia_image '  aria-label='MH 2 ch premium exterieur.web'><img decoding=\"async\" fetchpriority=\"high\" class='wp-image-4017 avia-img-lazy-loading-not-4017 avia_image ' src=\"https:\/\/campingdeplessac.fr\/wp-content\/uploads\/2023\/09\/MH-2-ch-premium-exterieur.web_-300x200.jpg\" alt='' title='MH 2 ch premium exterieur.web'  height=\"200\" width=\"300\"  itemprop=\"thumbnailUrl\" srcset=\"https:\/\/campingdeplessac.fr\/wp-content\/uploads\/2023\/09\/MH-2-ch-premium-exterieur.web_-300x200.jpg 300w, https:\/\/campingdeplessac.fr\/wp-content\/uploads\/2023\/09\/MH-2-ch-premium-exterieur.web_-768x512.jpg 768w, https:\/\/campingdeplessac.fr\/wp-content\/uploads\/2023\/09\/MH-2-ch-premium-exterieur.web_-705x470.jpg 705w, https:\/\/campingdeplessac.fr\/wp-content\/uploads\/2023\/09\/MH-2-ch-premium-exterieur.web_.jpg 1000w\" sizes=\"(max-width: 300px) 100vw, 300px\" \/><\/a><\/div><\/div><\/div><br \/>\n\n<style type=\"text\/css\" data-created_by=\"avia_inline_auto\" id=\"style-css-av-kj2pgtrg-6f6d1f33db91059282dc2a18dd619a0f\">\n#top .av-special-heading.av-kj2pgtrg-6f6d1f33db91059282dc2a18dd619a0f{\npadding-bottom:10px;\n}\nbody .av-special-heading.av-kj2pgtrg-6f6d1f33db91059282dc2a18dd619a0f .av-special-heading-tag .heading-char{\nfont-size:25px;\n}\n.av-special-heading.av-kj2pgtrg-6f6d1f33db91059282dc2a18dd619a0f .av-subheading{\nfont-size:15px;\n}\n<\/style>\n<div  class='av-special-heading av-kj2pgtrg-6f6d1f33db91059282dc2a18dd619a0f av-special-heading-h3 blockquote modern-quote modern-centered  avia-builder-el-16  el_after_av_image  el_before_av_button '><h3 class='av-special-heading-tag '  itemprop=\"headline\"  >Stacaravans 2 slaapkamers Premium<\/h3><div class='av-subheading av-subheading_below'><p>40 m\u00b2<\/p>\n<\/div><div class=\"special-heading-border\"><div class=\"special-heading-inner-border\"><\/div><\/div><\/div><br \/>\n<div  class='avia-button-wrap av-kiskhcai-23-35fb0410366185bac1206211d4b128ea-wrap avia-button-center  avia-builder-el-17  el_after_av_heading  avia-builder-el-last '>\n<style type=\"text\/css\" data-created_by=\"avia_inline_auto\" id=\"style-css-av-kiskhcai-23-35fb0410366185bac1206211d4b128ea\">\n#top #wrap_all .avia-button.av-kiskhcai-23-35fb0410366185bac1206211d4b128ea{\nbackground-color:#7fb021;\nborder-color:#7fb021;\ncolor:#ffffff;\ntransition:all 0.4s ease-in-out;\n}\n#top #wrap_all .avia-button.av-kiskhcai-23-35fb0410366185bac1206211d4b128ea .avia-svg-icon svg:first-child{\nfill:#ffffff;\nstroke:#ffffff;\n}\n<\/style>\n<a href='https:\/\/campingdeplessac.fr\/nl\/verhuur-stacaravans-chalets-brantome-dordogne-perigord\/stacaravans-2-slaapkamers-premium-camping-brantome-dordogne-perigord\/'  class='avia-button av-kiskhcai-23-35fb0410366185bac1206211d4b128ea av-link-btn avia-icon_select-yes-left-icon avia-size-medium avia-position-center'   aria-label=\"Meer info\"><span class='avia_button_icon avia_button_icon_left avia-iconfont avia-font-entypo-fontello' data-av_icon='\ue881' data-av_iconfont='entypo-fontello' ><\/span><span class='avia_iconbox_title' >Meer info<\/span><\/a><\/div><\/p><\/div><\/div><!--close column table wrapper. Autoclose: 1 -->\n<\/p>\n<\/div><\/div><\/div><!-- close content main div --><\/div><\/div>\n<style type=\"text\/css\" data-created_by=\"avia_inline_auto\" id=\"style-css-av-k2bz91f0-29-9331eb7de7369bfcdef6eb11e34912d4\">\n.avia-section.av-k2bz91f0-29-9331eb7de7369bfcdef6eb11e34912d4{\nbackground-color:#ffffff;\nbackground-image:unset;\nmargin-top:0px;\nmargin-bottom:0px;\n}\n<\/style>\n<div id='av_section_4'  class='avia-section av-k2bz91f0-29-9331eb7de7369bfcdef6eb11e34912d4 main_color avia-section-default avia-no-border-styling  avia-builder-el-18  el_after_av_section  el_before_av_section  avia-bg-style-scroll container_wrap sidebar_right'  ><div class='container av-section-cont-open' ><div class='template-page content  av-content-small alpha units'><div class='post-entry post-entry-type-page post-entry-4577'><div class='entry-content-wrapper clearfix'>\n<div class='flex_column_table av-24p36k-22-d2e9a92cb79c417cbca927a3609cbfdd sc-av_one_third av-equal-height-column-flextable'>\n<style type=\"text\/css\" data-created_by=\"avia_inline_auto\" id=\"style-css-av-24p36k-22-d2e9a92cb79c417cbca927a3609cbfdd\">\n.flex_column.av-24p36k-22-d2e9a92cb79c417cbca927a3609cbfdd{\nborder-radius:0px 0px 0px 0px;\npadding:0px 0px 0px 0px;\n}\n<\/style>\n<div  class='flex_column av-24p36k-22-d2e9a92cb79c417cbca927a3609cbfdd av_one_third  avia-builder-el-19  el_before_av_one_third  avia-builder-el-first  first flex_column_table_cell av-equal-height-column av-align-top av-zero-column-padding  '     ><p>\n<style type=\"text\/css\" data-created_by=\"avia_inline_auto\" id=\"style-css-av-2b8nmo-21-ba37204c60fe92f96a130c5361c7d46a\">\n.avia-image-container.av-2b8nmo-21-ba37204c60fe92f96a130c5361c7d46a img.avia_image{\nbox-shadow:none;\n}\n.avia-image-container.av-2b8nmo-21-ba37204c60fe92f96a130c5361c7d46a .av-image-caption-overlay-center{\ncolor:#ffffff;\n}\n<\/style>\n<div  class='avia-image-container av-2b8nmo-21-ba37204c60fe92f96a130c5361c7d46a av-styling- av-img-linked avia-align-center  avia-builder-el-20  el_before_av_heading  avia-builder-el-first '   itemprop=\"image\" itemscope=\"itemscope\" itemtype=\"https:\/\/schema.org\/ImageObject\" ><div class=\"avia-image-container-inner\"><div class=\"avia-image-overlay-wrap\"><a href=\"https:\/\/campingdeplessac.fr\/location-mobil-homes-chalets-brantome-dordogne-perigord\/mobil-homes-3-chambres-confort-camping-brantome-dordogne-perigord\/\" class='avia_image '  aria-label='Location mobil home Dordogne - MH-3chbres-Confort'><img decoding=\"async\" fetchpriority=\"high\" class='wp-image-4583 avia-img-lazy-loading-not-4583 avia_image ' src=\"https:\/\/campingdeplessac.fr\/wp-content\/uploads\/2020\/12\/MH-3chbres-Classique.jpg\" alt='' title='Location mobil home Dordogne - MH-3chbres-Confort'  height=\"267\" width=\"400\"  itemprop=\"thumbnailUrl\" srcset=\"https:\/\/campingdeplessac.fr\/wp-content\/uploads\/2020\/12\/MH-3chbres-Classique.jpg 400w, https:\/\/campingdeplessac.fr\/wp-content\/uploads\/2020\/12\/MH-3chbres-Classique-300x200.jpg 300w\" sizes=\"(max-width: 400px) 100vw, 400px\" \/><\/a><\/div><\/div><\/div><br \/>\n\n<style type=\"text\/css\" data-created_by=\"avia_inline_auto\" id=\"style-css-av-kj2ph12s-a7e60495e9ff54c0dcf6a55cbc362a16\">\n#top .av-special-heading.av-kj2ph12s-a7e60495e9ff54c0dcf6a55cbc362a16{\npadding-bottom:10px;\n}\nbody .av-special-heading.av-kj2ph12s-a7e60495e9ff54c0dcf6a55cbc362a16 .av-special-heading-tag .heading-char{\nfont-size:25px;\n}\n.av-special-heading.av-kj2ph12s-a7e60495e9ff54c0dcf6a55cbc362a16 .av-subheading{\nfont-size:15px;\n}\n<\/style>\n<div  class='av-special-heading av-kj2ph12s-a7e60495e9ff54c0dcf6a55cbc362a16 av-special-heading-h3 blockquote modern-quote modern-centered  avia-builder-el-21  el_after_av_image  el_before_av_button  av-linked-heading'><h3 class='av-special-heading-tag '  itemprop=\"headline\"  ><a class=\"av-heading-link\" href=\"https:\/\/campingdeplessac.fr\/location-mobil-homes-chalets-brantome-dordogne-perigord\/mobil-homes-3-chambres-confort-camping-brantome-dordogne-perigord\/\" >Stacaravans 3 slaapkamers Confort<\/a><\/h3><div class='av-subheading av-subheading_below'><p>IRM<\/p>\n<\/div><div class=\"special-heading-border\"><div class=\"special-heading-inner-border\"><\/div><\/div><\/div><br \/>\n<div  class='avia-button-wrap av-kiskhcai-20-c112282a30a5aa457d57c4b5d8102ad8-wrap avia-button-center  avia-builder-el-22  el_after_av_heading  avia-builder-el-last '>\n<style type=\"text\/css\" data-created_by=\"avia_inline_auto\" id=\"style-css-av-kiskhcai-20-c112282a30a5aa457d57c4b5d8102ad8\">\n#top #wrap_all .avia-button.av-kiskhcai-20-c112282a30a5aa457d57c4b5d8102ad8{\nbackground-color:#7fb021;\nborder-color:#7fb021;\ncolor:#ffffff;\ntransition:all 0.4s ease-in-out;\n}\n#top #wrap_all .avia-button.av-kiskhcai-20-c112282a30a5aa457d57c4b5d8102ad8 .avia-svg-icon svg:first-child{\nfill:#ffffff;\nstroke:#ffffff;\n}\n<\/style>\n<a href='https:\/\/campingdeplessac.fr\/location-mobil-homes-chalets-brantome-dordogne-perigord\/mobil-homes-3-chambres-confort-camping-brantome-dordogne-perigord\/'  class='avia-button av-kiskhcai-20-c112282a30a5aa457d57c4b5d8102ad8 av-link-btn avia-icon_select-yes-left-icon avia-size-medium avia-position-center'   aria-label=\"Meer info\"><span class='avia_button_icon avia_button_icon_left avia-iconfont avia-font-entypo-fontello' data-av_icon='\ue881' data-av_iconfont='entypo-fontello' ><\/span><span class='avia_iconbox_title' >Meer info<\/span><\/a><\/div><\/p><\/div><div class='av-flex-placeholder'><\/div>\n<style type=\"text\/css\" data-created_by=\"avia_inline_auto\" id=\"style-css-av-24p36k-18-cf26af99aa778e0b9136bb9d477d6513\">\n.flex_column.av-24p36k-18-cf26af99aa778e0b9136bb9d477d6513{\nborder-radius:0px 0px 0px 0px;\npadding:0px 0px 0px 0px;\n}\n<\/style>\n<div  class='flex_column av-24p36k-18-cf26af99aa778e0b9136bb9d477d6513 av_one_third  avia-builder-el-23  el_after_av_one_third  el_before_av_one_third  flex_column_table_cell av-equal-height-column av-align-top av-zero-column-padding  '     ><p>\n<style type=\"text\/css\" data-created_by=\"avia_inline_auto\" id=\"style-css-av-2b8nmo-17-9ee07b47b0e293d228be4729592ecb36\">\n.avia-image-container.av-2b8nmo-17-9ee07b47b0e293d228be4729592ecb36 img.avia_image{\nbox-shadow:none;\n}\n.avia-image-container.av-2b8nmo-17-9ee07b47b0e293d228be4729592ecb36 .av-image-caption-overlay-center{\ncolor:#ffffff;\n}\n<\/style>\n<div  class='avia-image-container av-2b8nmo-17-9ee07b47b0e293d228be4729592ecb36 av-styling- av-img-linked avia-align-center  avia-builder-el-24  el_before_av_heading  avia-builder-el-first '   itemprop=\"image\" itemscope=\"itemscope\" itemtype=\"https:\/\/schema.org\/ImageObject\" ><div class=\"avia-image-container-inner\"><div class=\"avia-image-overlay-wrap\"><a href=\"https:\/\/campingdeplessac.fr\/location-mobil-homes-chalets-brantome-dordogne-perigord\/mobil-homes-3-chambres-eden-camping-brantome-dordogne-perigord\/\" class='avia_image '  aria-label='Location mobil home Dordogne - MH-3chbres-Eden'><img decoding=\"async\" fetchpriority=\"high\" class='wp-image-4584 avia-img-lazy-loading-not-4584 avia_image ' src=\"https:\/\/campingdeplessac.fr\/wp-content\/uploads\/2020\/12\/MH-3chbres-Paradis.jpg\" alt='' title='Location mobil home Dordogne - MH-3chbres-Eden'  height=\"267\" width=\"400\"  itemprop=\"thumbnailUrl\" srcset=\"https:\/\/campingdeplessac.fr\/wp-content\/uploads\/2020\/12\/MH-3chbres-Paradis.jpg 400w, https:\/\/campingdeplessac.fr\/wp-content\/uploads\/2020\/12\/MH-3chbres-Paradis-300x200.jpg 300w\" sizes=\"(max-width: 400px) 100vw, 400px\" \/><\/a><\/div><\/div><\/div><br \/>\n\n<style type=\"text\/css\" data-created_by=\"avia_inline_auto\" id=\"style-css-av-kj2ph6fx-c9bd7926fe84d9b7aaabe5ece5ead359\">\n#top .av-special-heading.av-kj2ph6fx-c9bd7926fe84d9b7aaabe5ece5ead359{\npadding-bottom:10px;\n}\nbody .av-special-heading.av-kj2ph6fx-c9bd7926fe84d9b7aaabe5ece5ead359 .av-special-heading-tag .heading-char{\nfont-size:25px;\n}\n.av-special-heading.av-kj2ph6fx-c9bd7926fe84d9b7aaabe5ece5ead359 .av-subheading{\nfont-size:15px;\n}\n<\/style>\n<div  class='av-special-heading av-kj2ph6fx-c9bd7926fe84d9b7aaabe5ece5ead359 av-special-heading-h3 blockquote modern-quote modern-centered  avia-builder-el-25  el_after_av_image  el_before_av_button '><h3 class='av-special-heading-tag '  itemprop=\"headline\"  >Stacaravans 3 slaapkamers Eden<\/h3><div class='av-subheading av-subheading_below'><p>Louisiane en Rapidhome<\/p>\n<\/div><div class=\"special-heading-border\"><div class=\"special-heading-inner-border\"><\/div><\/div><\/div><br \/>\n<div  class='avia-button-wrap av-kiskhcai-16-de7e92dd936493d1c75bbee6331014ba-wrap avia-button-center  avia-builder-el-26  el_after_av_heading  avia-builder-el-last '>\n<style type=\"text\/css\" data-created_by=\"avia_inline_auto\" id=\"style-css-av-kiskhcai-16-de7e92dd936493d1c75bbee6331014ba\">\n#top #wrap_all .avia-button.av-kiskhcai-16-de7e92dd936493d1c75bbee6331014ba{\nbackground-color:#7fb021;\nborder-color:#7fb021;\ncolor:#ffffff;\ntransition:all 0.4s ease-in-out;\n}\n#top #wrap_all .avia-button.av-kiskhcai-16-de7e92dd936493d1c75bbee6331014ba .avia-svg-icon svg:first-child{\nfill:#ffffff;\nstroke:#ffffff;\n}\n<\/style>\n<a href='https:\/\/campingdeplessac.fr\/location-mobil-homes-chalets-brantome-dordogne-perigord\/mobil-homes-3-chambres-eden-camping-brantome-dordogne-perigord\/'  class='avia-button av-kiskhcai-16-de7e92dd936493d1c75bbee6331014ba av-link-btn avia-icon_select-yes-left-icon avia-size-medium avia-position-center'   aria-label=\"Meer info\"><span class='avia_button_icon avia_button_icon_left avia-iconfont avia-font-entypo-fontello' data-av_icon='\ue881' data-av_iconfont='entypo-fontello' ><\/span><span class='avia_iconbox_title' >Meer info<\/span><\/a><\/div><\/p><\/div><div class='av-flex-placeholder'><\/div>\n<style type=\"text\/css\" data-created_by=\"avia_inline_auto\" id=\"style-css-av-24p36k-15-efebadf172d0aca8056cdf5aa1dcbf03\">\n.flex_column.av-24p36k-15-efebadf172d0aca8056cdf5aa1dcbf03{\nborder-radius:0px 0px 0px 0px;\npadding:0px 0px 0px 0px;\n}\n<\/style>\n<div  class='flex_column av-24p36k-15-efebadf172d0aca8056cdf5aa1dcbf03 av_one_third  avia-builder-el-27  el_after_av_one_third  avia-builder-el-last  flex_column_table_cell av-equal-height-column av-align-top av-zero-column-padding  '     ><p>\n<style type=\"text\/css\" data-created_by=\"avia_inline_auto\" id=\"style-css-av-2b8nmo-14-d026eab19fe000a962bddb6d63cfd640\">\n.avia-image-container.av-2b8nmo-14-d026eab19fe000a962bddb6d63cfd640 img.avia_image{\nbox-shadow:none;\n}\n.avia-image-container.av-2b8nmo-14-d026eab19fe000a962bddb6d63cfd640 .av-image-caption-overlay-center{\ncolor:#ffffff;\n}\n<\/style>\n<div  class='avia-image-container av-2b8nmo-14-d026eab19fe000a962bddb6d63cfd640 av-styling- av-img-linked avia-align-center  avia-builder-el-28  el_before_av_heading  avia-builder-el-first '   itemprop=\"image\" itemscope=\"itemscope\" itemtype=\"https:\/\/schema.org\/ImageObject\" ><div class=\"avia-image-container-inner\"><div class=\"avia-image-overlay-wrap\"><a href=\"https:\/\/campingdeplessac.fr\/location-mobil-homes-chalets-brantome-dordogne-perigord\/mobil-homes-3-chambres-premium-camping-brantome-dordogne-perigord\/\" class='avia_image '  aria-label='Location mobil home Dordogne - MH-3chbres-Premium'><img decoding=\"async\" fetchpriority=\"high\" class='wp-image-4595 avia-img-lazy-loading-not-4595 avia_image ' src=\"https:\/\/campingdeplessac.fr\/wp-content\/uploads\/2020\/12\/MH-3chbres-Luxe.jpg\" alt='' title='Location mobil home Dordogne - MH-3chbres-Premium'  height=\"267\" width=\"400\"  itemprop=\"thumbnailUrl\" srcset=\"https:\/\/campingdeplessac.fr\/wp-content\/uploads\/2020\/12\/MH-3chbres-Luxe.jpg 400w, https:\/\/campingdeplessac.fr\/wp-content\/uploads\/2020\/12\/MH-3chbres-Luxe-300x200.jpg 300w\" sizes=\"(max-width: 400px) 100vw, 400px\" \/><\/a><\/div><\/div><\/div><br \/>\n\n<style type=\"text\/css\" data-created_by=\"avia_inline_auto\" id=\"style-css-av-kj2phcp6-76c32a4fdd9b0839fe9bdd346618e0a2\">\n#top .av-special-heading.av-kj2phcp6-76c32a4fdd9b0839fe9bdd346618e0a2{\npadding-bottom:10px;\n}\nbody .av-special-heading.av-kj2phcp6-76c32a4fdd9b0839fe9bdd346618e0a2 .av-special-heading-tag .heading-char{\nfont-size:25px;\n}\n.av-special-heading.av-kj2phcp6-76c32a4fdd9b0839fe9bdd346618e0a2 .av-subheading{\nfont-size:15px;\n}\n<\/style>\n<div  class='av-special-heading av-kj2phcp6-76c32a4fdd9b0839fe9bdd346618e0a2 av-special-heading-h3 blockquote modern-quote modern-centered  avia-builder-el-29  el_after_av_image  el_before_av_button '><h3 class='av-special-heading-tag '  itemprop=\"headline\"  >Stacaravans 3 slaapkamers Premium<\/h3><div class='av-subheading av-subheading_below'><p>Met 2 doucheruimtes : Rapidhome<\/p>\n<\/div><div class=\"special-heading-border\"><div class=\"special-heading-inner-border\"><\/div><\/div><\/div><br \/>\n<div  class='avia-button-wrap av-kiskhcai-13-c0eef7e05c795db0c987fa8083952f9e-wrap avia-button-center  avia-builder-el-30  el_after_av_heading  avia-builder-el-last '>\n<style type=\"text\/css\" data-created_by=\"avia_inline_auto\" id=\"style-css-av-kiskhcai-13-c0eef7e05c795db0c987fa8083952f9e\">\n#top #wrap_all .avia-button.av-kiskhcai-13-c0eef7e05c795db0c987fa8083952f9e{\nbackground-color:#7fb021;\nborder-color:#7fb021;\ncolor:#ffffff;\ntransition:all 0.4s ease-in-out;\n}\n#top #wrap_all .avia-button.av-kiskhcai-13-c0eef7e05c795db0c987fa8083952f9e .avia-svg-icon svg:first-child{\nfill:#ffffff;\nstroke:#ffffff;\n}\n<\/style>\n<a href='https:\/\/campingdeplessac.fr\/location-mobil-homes-chalets-brantome-dordogne-perigord\/mobil-homes-3-chambres-premium-camping-brantome-dordogne-perigord\/'  class='avia-button av-kiskhcai-13-c0eef7e05c795db0c987fa8083952f9e av-link-btn avia-icon_select-yes-left-icon avia-size-medium avia-position-center'   aria-label=\"Meer info\"><span class='avia_button_icon avia_button_icon_left avia-iconfont avia-font-entypo-fontello' data-av_icon='\ue881' data-av_iconfont='entypo-fontello' ><\/span><span class='avia_iconbox_title' >Meer info<\/span><\/a><\/div><\/p><\/div><\/div><!--close column table wrapper. Autoclose: 1 -->\n\n<\/div><\/div><\/div><!-- close content main div --><\/div><\/div>\n<style type=\"text\/css\" data-created_by=\"avia_inline_auto\" id=\"style-css-av-k2bz91f0-19-28347b0976d18e46f0249c86cc248b80\">\n.avia-section.av-k2bz91f0-19-28347b0976d18e46f0249c86cc248b80{\nbackground-color:#f9f9f9;\nbackground-image:unset;\nmargin-top:0px;\nmargin-bottom:0px;\n}\n<\/style>\n<div id='av_section_5'  class='avia-section av-k2bz91f0-19-28347b0976d18e46f0249c86cc248b80 main_color avia-section-default avia-no-border-styling  avia-builder-el-31  el_after_av_section  el_before_av_section  avia-bg-style-scroll container_wrap sidebar_right'  ><div class='container av-section-cont-open' ><div class='template-page content  av-content-small alpha units'><div class='post-entry post-entry-type-page post-entry-4577'><div class='entry-content-wrapper clearfix'>\n<div class='flex_column_table av-24p36k-12-9e2ab62b88d550dc3e8284f23dfa13c0 sc-av_one_third av-equal-height-column-flextable'>\n<style type=\"text\/css\" data-created_by=\"avia_inline_auto\" id=\"style-css-av-24p36k-12-9e2ab62b88d550dc3e8284f23dfa13c0\">\n.flex_column.av-24p36k-12-9e2ab62b88d550dc3e8284f23dfa13c0{\nborder-radius:0px 0px 0px 0px;\npadding:0px 0px 0px 0px;\n}\n<\/style>\n<div  class='flex_column av-24p36k-12-9e2ab62b88d550dc3e8284f23dfa13c0 av_one_third  avia-builder-el-32  el_before_av_one_third  avia-builder-el-first  first flex_column_table_cell av-equal-height-column av-align-top av-zero-column-padding  '     ><p>\n<style type=\"text\/css\" data-created_by=\"avia_inline_auto\" id=\"style-css-av-2b8nmo-11-b400efd28a5ba52d53dc1ea3ab8523a9\">\n.avia-image-container.av-2b8nmo-11-b400efd28a5ba52d53dc1ea3ab8523a9 img.avia_image{\nbox-shadow:none;\n}\n.avia-image-container.av-2b8nmo-11-b400efd28a5ba52d53dc1ea3ab8523a9 .av-image-caption-overlay-center{\ncolor:#ffffff;\n}\n<\/style>\n<div  class='avia-image-container av-2b8nmo-11-b400efd28a5ba52d53dc1ea3ab8523a9 av-styling- av-img-linked avia-align-center  avia-builder-el-33  el_before_av_heading  avia-builder-el-first '   itemprop=\"image\" itemscope=\"itemscope\" itemtype=\"https:\/\/schema.org\/ImageObject\" ><div class=\"avia-image-container-inner\"><div class=\"avia-image-overlay-wrap\"><a href=\"https:\/\/campingdeplessac.fr\/location-mobil-homes-chalets-brantome-dordogne-perigord\/chalets-2-chambres-confort-camping-brantome-dordogne-perigord\/\" class='avia_image '  aria-label='Location chalet Dordogne - Chalet-2chbres-Confort'><img decoding=\"async\" fetchpriority=\"high\" class='wp-image-4585 avia-img-lazy-loading-not-4585 avia_image ' src=\"https:\/\/campingdeplessac.fr\/wp-content\/uploads\/2020\/12\/Chalet-2chbres-Classique.jpg\" alt='' title='Location chalet Dordogne - Chalet-2chbres-Confort'  height=\"267\" width=\"400\"  itemprop=\"thumbnailUrl\" srcset=\"https:\/\/campingdeplessac.fr\/wp-content\/uploads\/2020\/12\/Chalet-2chbres-Classique.jpg 400w, https:\/\/campingdeplessac.fr\/wp-content\/uploads\/2020\/12\/Chalet-2chbres-Classique-300x200.jpg 300w\" sizes=\"(max-width: 400px) 100vw, 400px\" \/><\/a><\/div><\/div><\/div><br \/>\n\n<style type=\"text\/css\" data-created_by=\"avia_inline_auto\" id=\"style-css-av-4po5io-9704872528b5aa7d078e43fad97901c3\">\n#top .av-special-heading.av-4po5io-9704872528b5aa7d078e43fad97901c3{\npadding-bottom:10px;\n}\nbody .av-special-heading.av-4po5io-9704872528b5aa7d078e43fad97901c3 .av-special-heading-tag .heading-char{\nfont-size:25px;\n}\n.av-special-heading.av-4po5io-9704872528b5aa7d078e43fad97901c3 .av-subheading{\nfont-size:15px;\n}\n<\/style>\n<div  class='av-special-heading av-4po5io-9704872528b5aa7d078e43fad97901c3 av-special-heading-h3 blockquote modern-quote modern-centered  avia-builder-el-34  el_after_av_image  el_before_av_button '><h3 class='av-special-heading-tag '  itemprop=\"headline\"  >Chalets 2 slaapkamers Confort<\/h3><div class='av-subheading av-subheading_below'><p>Git\u2019H\u00f4tel\/Samibois<\/p>\n<\/div><div class=\"special-heading-border\"><div class=\"special-heading-inner-border\"><\/div><\/div><\/div><br \/>\n<div  class='avia-button-wrap av-kiskhcai-10-828f90086f15e4cc42cd51d36a0b682b-wrap avia-button-center  avia-builder-el-35  el_after_av_heading  avia-builder-el-last '>\n<style type=\"text\/css\" data-created_by=\"avia_inline_auto\" id=\"style-css-av-kiskhcai-10-828f90086f15e4cc42cd51d36a0b682b\">\n#top #wrap_all .avia-button.av-kiskhcai-10-828f90086f15e4cc42cd51d36a0b682b{\nbackground-color:#7fb021;\nborder-color:#7fb021;\ncolor:#ffffff;\ntransition:all 0.4s ease-in-out;\n}\n#top #wrap_all .avia-button.av-kiskhcai-10-828f90086f15e4cc42cd51d36a0b682b .avia-svg-icon svg:first-child{\nfill:#ffffff;\nstroke:#ffffff;\n}\n<\/style>\n<a href='https:\/\/campingdeplessac.fr\/location-mobil-homes-chalets-brantome-dordogne-perigord\/chalets-2-chambres-confort-camping-brantome-dordogne-perigord\/'  class='avia-button av-kiskhcai-10-828f90086f15e4cc42cd51d36a0b682b av-link-btn avia-icon_select-yes-left-icon avia-size-medium avia-position-center'   aria-label=\"Meer info\"><span class='avia_button_icon avia_button_icon_left avia-iconfont avia-font-entypo-fontello' data-av_icon='\ue881' data-av_iconfont='entypo-fontello' ><\/span><span class='avia_iconbox_title' >Meer info<\/span><\/a><\/div><\/p><\/div><div class='av-flex-placeholder'><\/div>\n<style type=\"text\/css\" data-created_by=\"avia_inline_auto\" id=\"style-css-av-24p36k-9-85c81e0c1635ccadff3ee7ac1b3e19a4\">\n.flex_column.av-24p36k-9-85c81e0c1635ccadff3ee7ac1b3e19a4{\nborder-radius:0px 0px 0px 0px;\npadding:0px 0px 0px 0px;\n}\n<\/style>\n<div  class='flex_column av-24p36k-9-85c81e0c1635ccadff3ee7ac1b3e19a4 av_one_third  avia-builder-el-36  el_after_av_one_third  el_before_av_one_third  flex_column_table_cell av-equal-height-column av-align-top av-zero-column-padding  '     ><p>\n<style type=\"text\/css\" data-created_by=\"avia_inline_auto\" id=\"style-css-av-2b8nmo-8-2e343e53d1409174f97aeffdb6de6ec4\">\n.avia-image-container.av-2b8nmo-8-2e343e53d1409174f97aeffdb6de6ec4 img.avia_image{\nbox-shadow:none;\n}\n.avia-image-container.av-2b8nmo-8-2e343e53d1409174f97aeffdb6de6ec4 .av-image-caption-overlay-center{\ncolor:#ffffff;\n}\n<\/style>\n<div  class='avia-image-container av-2b8nmo-8-2e343e53d1409174f97aeffdb6de6ec4 av-styling- av-img-linked avia-align-center  avia-builder-el-37  el_before_av_heading  avia-builder-el-first '   itemprop=\"image\" itemscope=\"itemscope\" itemtype=\"https:\/\/schema.org\/ImageObject\" ><div class=\"avia-image-container-inner\"><div class=\"avia-image-overlay-wrap\"><a href=\"https:\/\/campingdeplessac.fr\/location-mobil-homes-chalets-brantome-dordogne-perigord\/chalets-3-chambres-eden-camping-brantome-dordogne-perigord\/\" class='avia_image '  aria-label='Location chalet Dordogne - Chalet-3chbres-Eden'><img decoding=\"async\" fetchpriority=\"high\" class='wp-image-4586 avia-img-lazy-loading-not-4586 avia_image ' src=\"https:\/\/campingdeplessac.fr\/wp-content\/uploads\/2020\/12\/Chalet-3chbres-Paradis.jpg\" alt='' title='Location chalet Dordogne - Chalet-3chbres-Eden'  height=\"267\" width=\"400\"  itemprop=\"thumbnailUrl\" srcset=\"https:\/\/campingdeplessac.fr\/wp-content\/uploads\/2020\/12\/Chalet-3chbres-Paradis.jpg 400w, https:\/\/campingdeplessac.fr\/wp-content\/uploads\/2020\/12\/Chalet-3chbres-Paradis-300x200.jpg 300w\" sizes=\"(max-width: 400px) 100vw, 400px\" \/><\/a><\/div><\/div><\/div><br \/>\n\n<style type=\"text\/css\" data-created_by=\"avia_inline_auto\" id=\"style-css-av-2h0k74-1f5ae90de2f58c8b31f451cb2aec6b38\">\n#top .av-special-heading.av-2h0k74-1f5ae90de2f58c8b31f451cb2aec6b38{\npadding-bottom:10px;\n}\nbody .av-special-heading.av-2h0k74-1f5ae90de2f58c8b31f451cb2aec6b38 .av-special-heading-tag .heading-char{\nfont-size:25px;\n}\n.av-special-heading.av-2h0k74-1f5ae90de2f58c8b31f451cb2aec6b38 .av-subheading{\nfont-size:15px;\n}\n<\/style>\n<div  class='av-special-heading av-2h0k74-1f5ae90de2f58c8b31f451cb2aec6b38 av-special-heading-h3 blockquote modern-quote modern-centered  avia-builder-el-38  el_after_av_image  el_before_av_button '><h3 class='av-special-heading-tag '  itemprop=\"headline\"  >Chalets 3 slaapkamers Eden<\/h3><div class='av-subheading av-subheading_below'><p>Git\u2019H\u00f4tel\/Samibois<\/p>\n<\/div><div class=\"special-heading-border\"><div class=\"special-heading-inner-border\"><\/div><\/div><\/div><br \/>\n<div  class='avia-button-wrap av-kiskhcai-7-c109395814bb8a8b24a4cd03ce2561c4-wrap avia-button-center  avia-builder-el-39  el_after_av_heading  avia-builder-el-last '>\n<style type=\"text\/css\" data-created_by=\"avia_inline_auto\" id=\"style-css-av-kiskhcai-7-c109395814bb8a8b24a4cd03ce2561c4\">\n#top #wrap_all .avia-button.av-kiskhcai-7-c109395814bb8a8b24a4cd03ce2561c4{\nbackground-color:#7fb021;\nborder-color:#7fb021;\ncolor:#ffffff;\ntransition:all 0.4s ease-in-out;\n}\n#top #wrap_all .avia-button.av-kiskhcai-7-c109395814bb8a8b24a4cd03ce2561c4 .avia-svg-icon svg:first-child{\nfill:#ffffff;\nstroke:#ffffff;\n}\n<\/style>\n<a href='https:\/\/campingdeplessac.fr\/location-mobil-homes-chalets-brantome-dordogne-perigord\/chalets-3-chambres-eden-camping-brantome-dordogne-perigord\/'  class='avia-button av-kiskhcai-7-c109395814bb8a8b24a4cd03ce2561c4 av-link-btn avia-icon_select-yes-left-icon avia-size-medium avia-position-center'   aria-label=\"Meer info\"><span class='avia_button_icon avia_button_icon_left avia-iconfont avia-font-entypo-fontello' data-av_icon='\ue881' data-av_iconfont='entypo-fontello' ><\/span><span class='avia_iconbox_title' >Meer info<\/span><\/a><\/div><\/p><\/div><div class='av-flex-placeholder'><\/div>\n<style type=\"text\/css\" data-created_by=\"avia_inline_auto\" id=\"style-css-av-24p36k-6-4d255c463870ef608dd793b2acfacf66\">\n.flex_column.av-24p36k-6-4d255c463870ef608dd793b2acfacf66{\nborder-radius:0px 0px 0px 0px;\npadding:0px 0px 0px 0px;\n}\n<\/style>\n<div  class='flex_column av-24p36k-6-4d255c463870ef608dd793b2acfacf66 av_one_third  avia-builder-el-40  el_after_av_one_third  avia-builder-el-last  flex_column_table_cell av-equal-height-column av-align-top av-zero-column-padding  '     ><\/div><\/div><!--close column table wrapper. Autoclose: 1 -->\n\n<\/div><\/div><\/div><!-- close content main div --><\/div><\/div>\n<style type=\"text\/css\" data-created_by=\"avia_inline_auto\" id=\"style-css-av-kispumx8-30-99b44f32538df10c6c32b1a1d21c78dd\">\n.avia-section.av-kispumx8-30-99b44f32538df10c6c32b1a1d21c78dd{\nbackground-color:#fad91a;\nbackground-image:unset;\nmargin-top:0px;\nmargin-bottom:0px;\n}\n<\/style>\n<div id='av_section_6'  class='avia-section av-kispumx8-30-99b44f32538df10c6c32b1a1d21c78dd main_color avia-section-default avia-no-border-styling  avia-builder-el-41  el_after_av_section  el_before_av_section  av-small-hide av-mini-hide avia-bg-style-scroll container_wrap sidebar_right'  ><div class='container av-section-cont-open' ><div class='template-page content  av-content-small alpha units'><div class='post-entry post-entry-type-page post-entry-4577'><div class='entry-content-wrapper clearfix'>\n<div class='flex_column_table av-24p36k-5-39e49a6e086efc6d46689becb51a2f9f sc-av_three_fifth av-equal-height-column-flextable'>\n<style type=\"text\/css\" data-created_by=\"avia_inline_auto\" id=\"style-css-av-24p36k-5-39e49a6e086efc6d46689becb51a2f9f\">\n#top .flex_column_table.av-equal-height-column-flextable.av-24p36k-5-39e49a6e086efc6d46689becb51a2f9f{\nmargin-top:0px;\nmargin-bottom:0px;\n}\n.flex_column.av-24p36k-5-39e49a6e086efc6d46689becb51a2f9f{\nborder-radius:0px 0px 0px 0px;\npadding:0px 0px 0px 0px;\n}\n<\/style>\n<div  class='flex_column av-24p36k-5-39e49a6e086efc6d46689becb51a2f9f av_three_fifth  avia-builder-el-42  el_before_av_two_fifth  avia-builder-el-first  first flex_column_table_cell av-equal-height-column av-align-middle av-zero-column-padding  '     ><style type=\"text\/css\" data-created_by=\"avia_inline_auto\" id=\"style-css-av-kki8u4dy-9936ef274c9b8959c8a11ac9e8badfd8\">\n#top .av-special-heading.av-kki8u4dy-9936ef274c9b8959c8a11ac9e8badfd8{\npadding-bottom:10px;\ncolor:#ffffff;\n}\nbody .av-special-heading.av-kki8u4dy-9936ef274c9b8959c8a11ac9e8badfd8 .av-special-heading-tag .heading-char{\nfont-size:25px;\n}\n.av-special-heading.av-kki8u4dy-9936ef274c9b8959c8a11ac9e8badfd8 .special-heading-inner-border{\nborder-color:#ffffff;\n}\n.av-special-heading.av-kki8u4dy-9936ef274c9b8959c8a11ac9e8badfd8 .av-subheading{\nfont-size:15px;\n}\n<\/style>\n<div  class='av-special-heading av-kki8u4dy-9936ef274c9b8959c8a11ac9e8badfd8 av-special-heading-h2 custom-color-heading blockquote modern-quote modern-right  avia-builder-el-43  avia-builder-el-no-sibling '><h2 class='av-special-heading-tag '  itemprop=\"headline\"  >Verkoop van stacaravans in de Dordogne op camping Les \u00c9tangs de Plessac<\/h2><div class=\"special-heading-border\"><div class=\"special-heading-inner-border\"><\/div><\/div><\/div><\/div><div class='av-flex-placeholder'><\/div>\n<style type=\"text\/css\" data-created_by=\"avia_inline_auto\" id=\"style-css-av-24p36k-3-c6c9226933ccc9dea19ee4a4e180fbf9\">\n#top .flex_column_table.av-equal-height-column-flextable.av-24p36k-3-c6c9226933ccc9dea19ee4a4e180fbf9{\nmargin-top:0px;\nmargin-bottom:0px;\n}\n.flex_column.av-24p36k-3-c6c9226933ccc9dea19ee4a4e180fbf9{\nborder-radius:0px 0px 0px 0px;\npadding:0px 0px 0px 0px;\n}\n<\/style>\n<div  class='flex_column av-24p36k-3-c6c9226933ccc9dea19ee4a4e180fbf9 av_two_fifth  avia-builder-el-44  el_after_av_three_fifth  avia-builder-el-last  flex_column_table_cell av-equal-height-column av-align-middle av-zero-column-padding  '     ><div  class='avia-button-wrap av-2o84c0-6d4a2250e9bcb222c585024a9f12b8f0-wrap avia-button-left  avia-builder-el-45  avia-builder-el-no-sibling '>\n<style type=\"text\/css\" data-created_by=\"avia_inline_auto\" id=\"style-css-av-2o84c0-6d4a2250e9bcb222c585024a9f12b8f0\">\n#top #wrap_all .avia-button.av-2o84c0-6d4a2250e9bcb222c585024a9f12b8f0{\nbackground-color:#006c9b;\nborder-color:#006c9b;\ncolor:#ffffff;\ntransition:all 0.4s ease-in-out;\n}\n#top #wrap_all .avia-button.av-2o84c0-6d4a2250e9bcb222c585024a9f12b8f0 .avia-svg-icon svg:first-child{\nfill:#ffffff;\nstroke:#ffffff;\n}\n<\/style>\n<a href='https:\/\/campingdeplessac.fr\/location-mobil-homes-chalets-brantome-dordogne-perigord\/vente-mobil-homes-camping-brantome-dordogne-perigord\/'  class='avia-button av-2o84c0-6d4a2250e9bcb222c585024a9f12b8f0 av-link-btn avia-icon_select-yes-left-icon avia-size-large avia-position-left'   aria-label=\"WORD EIGENAAR IN DE DORDOGNE\"><span class='avia_button_icon avia_button_icon_left avia-iconfont avia-font-entypo-fontello' data-av_icon='\ue889' data-av_iconfont='entypo-fontello' ><\/span><span class='avia_iconbox_title' >WORD EIGENAAR IN DE DORDOGNE<\/span><\/a><\/div><\/div><\/div><!--close column table wrapper. Autoclose: 1 -->\n\n<\/div><\/div><\/div><!-- close content main div --><\/div><\/div>\n<style type=\"text\/css\" data-created_by=\"avia_inline_auto\" id=\"style-css-av-kispumx8-4-d03e2861d7357e54e02fd2a7b1292b25\">\n.avia-section.av-kispumx8-4-d03e2861d7357e54e02fd2a7b1292b25{\nbackground-color:#fad91a;\nbackground-image:unset;\nmargin-top:0px;\nmargin-bottom:0px;\n}\n<\/style>\n<div id='av_section_7'  class='avia-section av-kispumx8-4-d03e2861d7357e54e02fd2a7b1292b25 main_color avia-section-default avia-no-border-styling  avia-builder-el-46  el_after_av_section  avia-builder-el-last  av-desktop-hide av-medium-hide avia-bg-style-scroll container_wrap sidebar_right'  ><div class='container av-section-cont-open' ><div class='template-page content  av-content-small alpha units'><div class='post-entry post-entry-type-page post-entry-4577'><div class='entry-content-wrapper clearfix'>\n<div class='flex_column_table av-24p36k-2-22cef1954cf712d03aa35b89a2813df2 sc-av_one_full av-equal-height-column-flextable'>\n<style type=\"text\/css\" data-created_by=\"avia_inline_auto\" id=\"style-css-av-24p36k-2-22cef1954cf712d03aa35b89a2813df2\">\n#top .flex_column_table.av-equal-height-column-flextable.av-24p36k-2-22cef1954cf712d03aa35b89a2813df2{\nmargin-top:0px;\nmargin-bottom:0px;\n}\n.flex_column.av-24p36k-2-22cef1954cf712d03aa35b89a2813df2{\nborder-radius:0px 0px 0px 0px;\npadding:0px 0px 0px 0px;\n}\n<\/style>\n<div  class='flex_column av-24p36k-2-22cef1954cf712d03aa35b89a2813df2 av_one_full  avia-builder-el-47  avia-builder-el-no-sibling  first flex_column_table_cell av-equal-height-column av-align-middle av-zero-column-padding  '     ><p>\n<style type=\"text\/css\" data-created_by=\"avia_inline_auto\" id=\"style-css-av-kki8ty8k-67e01b73848f214e7e10b0e7e6da3aea\">\n#top .av-special-heading.av-kki8ty8k-67e01b73848f214e7e10b0e7e6da3aea{\npadding-bottom:10px;\ncolor:#ffffff;\n}\nbody .av-special-heading.av-kki8ty8k-67e01b73848f214e7e10b0e7e6da3aea .av-special-heading-tag .heading-char{\nfont-size:25px;\n}\n.av-special-heading.av-kki8ty8k-67e01b73848f214e7e10b0e7e6da3aea .special-heading-inner-border{\nborder-color:#ffffff;\n}\n.av-special-heading.av-kki8ty8k-67e01b73848f214e7e10b0e7e6da3aea .av-subheading{\nfont-size:15px;\n}\n<\/style>\n<div  class='av-special-heading av-kki8ty8k-67e01b73848f214e7e10b0e7e6da3aea av-special-heading-h2 custom-color-heading blockquote modern-quote modern-centered  avia-builder-el-48  el_before_av_button  avia-builder-el-first '><h2 class='av-special-heading-tag '  itemprop=\"headline\"  >Verkoop van stacaravans in de Dordogne op camping Les \u00c9tangs de Plessac<\/h2><div class=\"special-heading-border\"><div class=\"special-heading-inner-border\"><\/div><\/div><\/div><br \/>\n<div  class='avia-button-wrap av-2o84c0-1-99e2c3f2f97a0b45e043ae4eeb224d01-wrap avia-button-center  avia-builder-el-49  el_after_av_heading  avia-builder-el-last '>\n<style type=\"text\/css\" data-created_by=\"avia_inline_auto\" id=\"style-css-av-2o84c0-1-99e2c3f2f97a0b45e043ae4eeb224d01\">\n#top #wrap_all .avia-button.av-2o84c0-1-99e2c3f2f97a0b45e043ae4eeb224d01{\nbackground-color:#006c9b;\nborder-color:#006c9b;\ncolor:#ffffff;\ntransition:all 0.4s ease-in-out;\n}\n#top #wrap_all .avia-button.av-2o84c0-1-99e2c3f2f97a0b45e043ae4eeb224d01 .avia-svg-icon svg:first-child{\nfill:#ffffff;\nstroke:#ffffff;\n}\n<\/style>\n<a href='https:\/\/campingdeplessac.fr\/location-mobil-homes-chalets-brantome-dordogne-perigord\/vente-mobil-homes-camping-brantome-dordogne-perigord\/'  class='avia-button av-2o84c0-1-99e2c3f2f97a0b45e043ae4eeb224d01 av-link-btn avia-icon_select-yes-left-icon avia-size-large avia-position-center'   aria-label=\"WORD EIGENAAR IN DE DORDOGNE\"><span class='avia_button_icon avia_button_icon_left avia-iconfont avia-font-entypo-fontello' data-av_icon='\ue889' data-av_iconfont='entypo-fontello' ><\/span><span class='avia_iconbox_title' >WORD EIGENAAR IN DE DORDOGNE<\/span><\/a><\/div><\/p><\/div><\/div><!--close column table wrapper. Autoclose: 1 -->\n<\/div><\/div><\/div><!-- close content main div --><\/div><\/div><div id='after_section_7'  class='main_color av_default_container_wrap container_wrap sidebar_right'  ><div class='container av-section-cont-open' ><div class='template-page content  av-content-small alpha units'><div class='post-entry post-entry-type-page post-entry-4577'><div class='entry-content-wrapper clearfix'>\n","protected":false},"excerpt":{"rendered":"","protected":false},"author":1,"featured_media":0,"parent":0,"menu_order":0,"comment_status":"closed","ping_status":"closed","template":"","meta":{"footnotes":""},"class_list":["post-4577","page","type-page","status-publish","hentry"],"yoast_head":"<!-- This site is optimized with the Yoast SEO plugin v27.2 - https:\/\/yoast.com\/product\/yoast-seo-wordpress\/ -->\n<title>Location de mobil homes, chalets \u00e0 louer en Dordogne pr\u00e8s de Brant\u00f4me, Emplacement de camping confort<\/title>\n<meta name=\"description\" content=\"H\u00e9bergements du camping en Dordogne Les \u00c9tangs de Plessac : location de mobil homes, chalets, emplacement de camping pr\u00e8s de Brant\u00f4me en P\u00e9rigord\" \/>\n<meta name=\"robots\" content=\"index, follow, max-snippet:-1, max-image-preview:large, max-video-preview:-1\" \/>\n<link rel=\"canonical\" href=\"https:\/\/campingdeplessac.fr\/nl\/verhuur-stacaravans-chalets-brantome-dordogne-perigord\/\" \/>\n<meta property=\"og:locale\" content=\"nl_NL\" \/>\n<meta property=\"og:type\" content=\"article\" \/>\n<meta property=\"og:title\" content=\"Location de mobil homes, chalets \u00e0 louer en Dordogne pr\u00e8s de Brant\u00f4me, Emplacement de camping confort\" \/>\n<meta property=\"og:description\" content=\"H\u00e9bergements du camping en Dordogne Les \u00c9tangs de Plessac : location de mobil homes, chalets, emplacement de camping pr\u00e8s de Brant\u00f4me en P\u00e9rigord\" \/>\n<meta property=\"og:url\" content=\"https:\/\/campingdeplessac.fr\/nl\/verhuur-stacaravans-chalets-brantome-dordogne-perigord\/\" \/>\n<meta property=\"og:site_name\" content=\"Camping**** Les \u00c9tangs de Plessac, p\u00eache en Dordogne, \u00e9tang de p\u00eache, piscine couverte et chauff\u00e9e\" \/>\n<meta property=\"article:modified_time\" content=\"2026-01-15T14:46:54+00:00\" \/>\n<meta name=\"twitter:card\" content=\"summary_large_image\" \/>\n<meta name=\"twitter:label1\" content=\"Geschatte leestijd\" \/>\n\t<meta name=\"twitter:data1\" content=\"3 minuten\" \/>\n<script type=\"application\/ld+json\" class=\"yoast-schema-graph\">{\"@context\":\"https:\/\/schema.org\",\"@graph\":[{\"@type\":\"WebPage\",\"@id\":\"https:\/\/campingdeplessac.fr\/nl\/verhuur-stacaravans-chalets-brantome-dordogne-perigord\/\",\"url\":\"https:\/\/campingdeplessac.fr\/nl\/verhuur-stacaravans-chalets-brantome-dordogne-perigord\/\",\"name\":\"Location de mobil homes, chalets \u00e0 louer en Dordogne pr\u00e8s de Brant\u00f4me, Emplacement de camping confort\",\"isPartOf\":{\"@id\":\"https:\/\/campingdeplessac.fr\/#website\"},\"datePublished\":\"2020-12-17T07:57:43+00:00\",\"dateModified\":\"2026-01-15T14:46:54+00:00\",\"description\":\"H\u00e9bergements du camping en Dordogne Les \u00c9tangs de Plessac : location de mobil homes, chalets, emplacement de camping pr\u00e8s de Brant\u00f4me en P\u00e9rigord\",\"breadcrumb\":{\"@id\":\"https:\/\/campingdeplessac.fr\/nl\/verhuur-stacaravans-chalets-brantome-dordogne-perigord\/#breadcrumb\"},\"inLanguage\":\"nl-NL\",\"potentialAction\":[{\"@type\":\"ReadAction\",\"target\":[\"https:\/\/campingdeplessac.fr\/nl\/verhuur-stacaravans-chalets-brantome-dordogne-perigord\/\"]}]},{\"@type\":\"BreadcrumbList\",\"@id\":\"https:\/\/campingdeplessac.fr\/nl\/verhuur-stacaravans-chalets-brantome-dordogne-perigord\/#breadcrumb\",\"itemListElement\":[{\"@type\":\"ListItem\",\"position\":1,\"name\":\"Accueil\",\"item\":\"https:\/\/campingdeplessac.fr\/nl\/\"},{\"@type\":\"ListItem\",\"position\":2,\"name\":\"Accomodaties\"}]},{\"@type\":\"WebSite\",\"@id\":\"https:\/\/campingdeplessac.fr\/#website\",\"url\":\"https:\/\/campingdeplessac.fr\/\",\"name\":\"Camping**** Les \u00c9tangs de Plessac, p\u00eache en Dordogne, \u00e9tang de p\u00eache, piscine couverte et chauff\u00e9e\",\"description\":\"Camping en bord d&#039;\u00e9tangs de p\u00eache en Dordogne P\u00e9rigord pr\u00e8s de Brant\u00f4me\",\"publisher\":{\"@id\":\"https:\/\/campingdeplessac.fr\/#organization\"},\"potentialAction\":[{\"@type\":\"SearchAction\",\"target\":{\"@type\":\"EntryPoint\",\"urlTemplate\":\"https:\/\/campingdeplessac.fr\/?s={search_term_string}\"},\"query-input\":{\"@type\":\"PropertyValueSpecification\",\"valueRequired\":true,\"valueName\":\"search_term_string\"}}],\"inLanguage\":\"nl-NL\"},{\"@type\":\"Organization\",\"@id\":\"https:\/\/campingdeplessac.fr\/#organization\",\"name\":\"Camping Paradis Les \u00c9tangs de Plessac\",\"url\":\"https:\/\/campingdeplessac.fr\/\",\"logo\":{\"@type\":\"ImageObject\",\"inLanguage\":\"nl-NL\",\"@id\":\"https:\/\/campingdeplessac.fr\/#\/schema\/logo\/image\/\",\"url\":\"https:\/\/campingdeplessac.fr\/wp-content\/uploads\/2020\/12\/logo-200x140px.png\",\"contentUrl\":\"https:\/\/campingdeplessac.fr\/wp-content\/uploads\/2020\/12\/logo-200x140px.png\",\"width\":200,\"height\":140,\"caption\":\"Camping Paradis Les \u00c9tangs de Plessac\"},\"image\":{\"@id\":\"https:\/\/campingdeplessac.fr\/#\/schema\/logo\/image\/\"}}]}<\/script>\n<!-- \/ Yoast SEO plugin. -->","yoast_head_json":{"title":"Location de mobil homes, chalets \u00e0 louer en Dordogne pr\u00e8s de Brant\u00f4me, Emplacement de camping confort","description":"H\u00e9bergements du camping en Dordogne Les \u00c9tangs de Plessac : location de mobil homes, chalets, emplacement de camping pr\u00e8s de Brant\u00f4me en P\u00e9rigord","robots":{"index":"index","follow":"follow","max-snippet":"max-snippet:-1","max-image-preview":"max-image-preview:large","max-video-preview":"max-video-preview:-1"},"canonical":"https:\/\/campingdeplessac.fr\/nl\/verhuur-stacaravans-chalets-brantome-dordogne-perigord\/","og_locale":"nl_NL","og_type":"article","og_title":"Location de mobil homes, chalets \u00e0 louer en Dordogne pr\u00e8s de Brant\u00f4me, Emplacement de camping confort","og_description":"H\u00e9bergements du camping en Dordogne Les \u00c9tangs de Plessac : location de mobil homes, chalets, emplacement de camping pr\u00e8s de Brant\u00f4me en P\u00e9rigord","og_url":"https:\/\/campingdeplessac.fr\/nl\/verhuur-stacaravans-chalets-brantome-dordogne-perigord\/","og_site_name":"Camping**** Les \u00c9tangs de Plessac, p\u00eache en Dordogne, \u00e9tang de p\u00eache, piscine couverte et chauff\u00e9e","article_modified_time":"2026-01-15T14:46:54+00:00","twitter_card":"summary_large_image","twitter_misc":{"Geschatte leestijd":"3 minuten"},"schema":{"@context":"https:\/\/schema.org","@graph":[{"@type":"WebPage","@id":"https:\/\/campingdeplessac.fr\/nl\/verhuur-stacaravans-chalets-brantome-dordogne-perigord\/","url":"https:\/\/campingdeplessac.fr\/nl\/verhuur-stacaravans-chalets-brantome-dordogne-perigord\/","name":"Location de mobil homes, chalets \u00e0 louer en Dordogne pr\u00e8s de Brant\u00f4me, Emplacement de camping confort","isPartOf":{"@id":"https:\/\/campingdeplessac.fr\/#website"},"datePublished":"2020-12-17T07:57:43+00:00","dateModified":"2026-01-15T14:46:54+00:00","description":"H\u00e9bergements du camping en Dordogne Les \u00c9tangs de Plessac : location de mobil homes, chalets, emplacement de camping pr\u00e8s de Brant\u00f4me en P\u00e9rigord","breadcrumb":{"@id":"https:\/\/campingdeplessac.fr\/nl\/verhuur-stacaravans-chalets-brantome-dordogne-perigord\/#breadcrumb"},"inLanguage":"nl-NL","potentialAction":[{"@type":"ReadAction","target":["https:\/\/campingdeplessac.fr\/nl\/verhuur-stacaravans-chalets-brantome-dordogne-perigord\/"]}]},{"@type":"BreadcrumbList","@id":"https:\/\/campingdeplessac.fr\/nl\/verhuur-stacaravans-chalets-brantome-dordogne-perigord\/#breadcrumb","itemListElement":[{"@type":"ListItem","position":1,"name":"Accueil","item":"https:\/\/campingdeplessac.fr\/nl\/"},{"@type":"ListItem","position":2,"name":"Accomodaties"}]},{"@type":"WebSite","@id":"https:\/\/campingdeplessac.fr\/#website","url":"https:\/\/campingdeplessac.fr\/","name":"Camping**** Les \u00c9tangs de Plessac, p\u00eache en Dordogne, \u00e9tang de p\u00eache, piscine couverte et chauff\u00e9e","description":"Camping en bord d&#039;\u00e9tangs de p\u00eache en Dordogne P\u00e9rigord pr\u00e8s de Brant\u00f4me","publisher":{"@id":"https:\/\/campingdeplessac.fr\/#organization"},"potentialAction":[{"@type":"SearchAction","target":{"@type":"EntryPoint","urlTemplate":"https:\/\/campingdeplessac.fr\/?s={search_term_string}"},"query-input":{"@type":"PropertyValueSpecification","valueRequired":true,"valueName":"search_term_string"}}],"inLanguage":"nl-NL"},{"@type":"Organization","@id":"https:\/\/campingdeplessac.fr\/#organization","name":"Camping Paradis Les \u00c9tangs de Plessac","url":"https:\/\/campingdeplessac.fr\/","logo":{"@type":"ImageObject","inLanguage":"nl-NL","@id":"https:\/\/campingdeplessac.fr\/#\/schema\/logo\/image\/","url":"https:\/\/campingdeplessac.fr\/wp-content\/uploads\/2020\/12\/logo-200x140px.png","contentUrl":"https:\/\/campingdeplessac.fr\/wp-content\/uploads\/2020\/12\/logo-200x140px.png","width":200,"height":140,"caption":"Camping Paradis Les \u00c9tangs de Plessac"},"image":{"@id":"https:\/\/campingdeplessac.fr\/#\/schema\/logo\/image\/"}}]}},"_links":{"self":[{"href":"https:\/\/campingdeplessac.fr\/nl\/wp-json\/wp\/v2\/pages\/4577","targetHints":{"allow":["GET"]}}],"collection":[{"href":"https:\/\/campingdeplessac.fr\/nl\/wp-json\/wp\/v2\/pages"}],"about":[{"href":"https:\/\/campingdeplessac.fr\/nl\/wp-json\/wp\/v2\/types\/page"}],"author":[{"embeddable":true,"href":"https:\/\/campingdeplessac.fr\/nl\/wp-json\/wp\/v2\/users\/1"}],"replies":[{"embeddable":true,"href":"https:\/\/campingdeplessac.fr\/nl\/wp-json\/wp\/v2\/comments?post=4577"}],"version-history":[{"count":0,"href":"https:\/\/campingdeplessac.fr\/nl\/wp-json\/wp\/v2\/pages\/4577\/revisions"}],"wp:attachment":[{"href":"https:\/\/campingdeplessac.fr\/nl\/wp-json\/wp\/v2\/media?parent=4577"}],"curies":[{"name":"wp","href":"https:\/\/api.w.org\/{rel}","templated":true}]}}